{"id":7725,"date":"2026-04-07T09:57:41","date_gmt":"2026-04-07T07:57:41","guid":{"rendered":"https:\/\/www.reformasvalencia.es\/proyectos\/maestro-esteban-catala\/"},"modified":"2026-04-07T09:57:41","modified_gmt":"2026-04-07T07:57:41","slug":"maestro-esteban-catala","status":"publish","type":"proyectos","link":"https:\/\/www.reformasvalencia.es\/fr\/projets\/maestro-esteban-catala\/","title":{"rendered":"Maestro Esteban Catal\u00e1"},"content":{"rendered":"<p>Ce projet de <strong>r\u00e9novation<\/strong>, situ\u00e9 dans le quartier de J<strong>aume Roig<\/strong>, est n\u00e9 de la n\u00e9cessit\u00e9 de transformer une distribution traditionnelle en un appartement plus ouvert, fonctionnel et lumineux. L&rsquo;intervention mise sur une esth\u00e9tique \u00e9pur\u00e9e et ordonn\u00e9e, en supprimant les cloisons internes superflues pour cr\u00e9er une pi\u00e8ce de vie diaphane qui int\u00e8gre le salon, la salle \u00e0 manger et la cuisine. <\/p>\n<p>Les mat\u00e9riaux jouent un r\u00f4le fondamental dans l&rsquo;atmosph\u00e8re de l&rsquo;habitation. L&rsquo;utilisation du ch\u00eane pour le rev\u00eatement de sol apporte une chaleur et une texture qui parcourent toutes les pi\u00e8ces, cr\u00e9ant un contraste avec le blanc des murs et le mobilier sur mesure. Dans la cuisine, le design s&rsquo;articule autour d&rsquo;un grand \u00eelot central qui sert de noyau \u00e0 la maison, combinant zone de travail et espace social. L&rsquo;un des d\u00e9tails les plus soign\u00e9s du chantier est la <strong>menuiserie <\/strong>int\u00e9rieure. Des portes \u00e0 cadres affleurants ont \u00e9t\u00e9 install\u00e9es, int\u00e9grant les grilles de climatisation par conduits dans le panneau sup\u00e9rieur, \u00e9vitant ainsi tout \u00e9l\u00e9ment visible dans le faux plafond.    <\/p>\n<p>Dans le salon, la coh\u00e9rence mat\u00e9rielle est maintenue gr\u00e2ce \u00e0 un meuble TV fait sur mesure qui r\u00e9pond aux besoins de rangement. La zone nuit, compos\u00e9e de trois chambres et deux salles de bain, suit la m\u00eame approche de sobri\u00e9t\u00e9, avec des armoires int\u00e9gr\u00e9es du sol au plafond qui maximisent le stockage. <\/p>\n<p>Cette <strong>r\u00e9novation int\u00e9grale<\/strong> donne lieu \u00e0 une habitation lumineuse, fonctionnelle et de style contemporain, compos\u00e9e de trois chambres et deux salles de bain, avec un agr\u00e9able espace de vie sociale.<\/p>\n","protected":false},"template":"","class_list":["post-7725","proyectos","type-proyectos","status-publish","hentry"],"yoast_head":"<!-- This site is optimized with the Yoast SEO plugin v26.3 - https:\/\/yoast.com\/wordpress\/plugins\/seo\/ -->\n<title>Maestro Esteban Catal\u00e1 - Cicerone<\/title>\n<meta name=\"description\" content=\"Reformas Valencia a r\u00e9alis\u00e9 la transformation compl\u00e8te d&#039;une habitation dans le quartier de Jaume Roig, \u00e0 Valence.\" \/>\n<meta name=\"robots\" content=\"index, follow, max-snippet:-1, max-image-preview:large, max-video-preview:-1\" \/>\n<link rel=\"canonical\" href=\"https:\/\/www.reformasvalencia.es\/fr\/projets\/maestro-esteban-catala\/\" \/>\n<meta property=\"og:locale\" content=\"fr_FR\" \/>\n<meta property=\"og:type\" content=\"article\" \/>\n<meta property=\"og:title\" content=\"Maestro Esteban Catal\u00e1 - Cicerone\" \/>\n<meta property=\"og:description\" content=\"Reformas Valencia a r\u00e9alis\u00e9 la transformation compl\u00e8te d&#039;une habitation dans le quartier de Jaume Roig, \u00e0 Valence.\" \/>\n<meta property=\"og:url\" content=\"https:\/\/www.reformasvalencia.es\/fr\/projets\/maestro-esteban-catala\/\" \/>\n<meta property=\"og:site_name\" content=\"Cicerone\" \/>\n<meta property=\"og:image\" content=\"https:\/\/www.reformasvalencia.es\/wp-content\/uploads\/2025\/01\/cicerone.jpg\" \/>\n\t<meta property=\"og:image:width\" content=\"1200\" \/>\n\t<meta property=\"og:image:height\" content=\"765\" \/>\n\t<meta property=\"og:image:type\" content=\"image\/jpeg\" \/>\n<meta name=\"twitter:card\" content=\"summary_large_image\" \/>\n<meta name=\"twitter:label1\" content=\"Dur\u00e9e de lecture estim\u00e9e\" \/>\n\t<meta name=\"twitter:data1\" content=\"1 minute\" \/>\n<script type=\"application\/ld+json\" class=\"yoast-schema-graph\">{\"@context\":\"https:\/\/schema.org\",\"@graph\":[{\"@type\":\"WebPage\",\"@id\":\"https:\/\/www.reformasvalencia.es\/fr\/projets\/maestro-esteban-catala\/\",\"url\":\"https:\/\/www.reformasvalencia.es\/fr\/projets\/maestro-esteban-catala\/\",\"name\":\"Maestro Esteban Catal\u00e1 - Cicerone\",\"isPartOf\":{\"@id\":\"https:\/\/www.reformasvalencia.es\/fr\/#website\"},\"datePublished\":\"2026-04-07T07:57:41+00:00\",\"description\":\"Reformas Valencia a r\u00e9alis\u00e9 la transformation compl\u00e8te d'une habitation dans le quartier de Jaume Roig, \u00e0 Valence.\",\"breadcrumb\":{\"@id\":\"https:\/\/www.reformasvalencia.es\/fr\/projets\/maestro-esteban-catala\/#breadcrumb\"},\"inLanguage\":\"fr-FR\",\"potentialAction\":[{\"@type\":\"ReadAction\",\"target\":[\"https:\/\/www.reformasvalencia.es\/fr\/projets\/maestro-esteban-catala\/\"]}]},{\"@type\":\"BreadcrumbList\",\"@id\":\"https:\/\/www.reformasvalencia.es\/fr\/projets\/maestro-esteban-catala\/#breadcrumb\",\"itemListElement\":[{\"@type\":\"ListItem\",\"position\":1,\"name\":\"Portada\",\"item\":\"https:\/\/www.reformasvalencia.es\/fr\/\"},{\"@type\":\"ListItem\",\"position\":2,\"name\":\"Proyectos\",\"item\":\"https:\/\/www.reformasvalencia.es\/fr\/projets\/\"},{\"@type\":\"ListItem\",\"position\":3,\"name\":\"Maestro Esteban Catal\u00e1\"}]},{\"@type\":\"WebSite\",\"@id\":\"https:\/\/www.reformasvalencia.es\/fr\/#website\",\"url\":\"https:\/\/www.reformasvalencia.es\/fr\/\",\"name\":\"Cicerone\",\"description\":\"\",\"publisher\":{\"@id\":\"https:\/\/www.reformasvalencia.es\/fr\/#organization\"},\"potentialAction\":[{\"@type\":\"SearchAction\",\"target\":{\"@type\":\"EntryPoint\",\"urlTemplate\":\"https:\/\/www.reformasvalencia.es\/fr\/?s={search_term_string}\"},\"query-input\":{\"@type\":\"PropertyValueSpecification\",\"valueRequired\":true,\"valueName\":\"search_term_string\"}}],\"inLanguage\":\"fr-FR\"},{\"@type\":\"Organization\",\"@id\":\"https:\/\/www.reformasvalencia.es\/fr\/#organization\",\"name\":\"Cicerone\",\"url\":\"https:\/\/www.reformasvalencia.es\/fr\/\",\"logo\":{\"@type\":\"ImageObject\",\"inLanguage\":\"fr-FR\",\"@id\":\"https:\/\/www.reformasvalencia.es\/fr\/#\/schema\/logo\/image\/\",\"url\":\"https:\/\/www.reformasvalencia.es\/wp-content\/uploads\/2025\/01\/cicerone-1.jpg\",\"contentUrl\":\"https:\/\/www.reformasvalencia.es\/wp-content\/uploads\/2025\/01\/cicerone-1.jpg\",\"width\":1200,\"height\":1200,\"caption\":\"Cicerone\"},\"image\":{\"@id\":\"https:\/\/www.reformasvalencia.es\/fr\/#\/schema\/logo\/image\/\"},\"sameAs\":[\"https:\/\/www.instagram.com\/reformas_ciceronegroup\/\"]}]}<\/script>\n<!-- \/ Yoast SEO plugin. -->","yoast_head_json":{"title":"Maestro Esteban Catal\u00e1 - Cicerone","description":"Reformas Valencia a r\u00e9alis\u00e9 la transformation compl\u00e8te d'une habitation dans le quartier de Jaume Roig, \u00e0 Valence.","robots":{"index":"index","follow":"follow","max-snippet":"max-snippet:-1","max-image-preview":"max-image-preview:large","max-video-preview":"max-video-preview:-1"},"canonical":"https:\/\/www.reformasvalencia.es\/fr\/projets\/maestro-esteban-catala\/","og_locale":"fr_FR","og_type":"article","og_title":"Maestro Esteban Catal\u00e1 - Cicerone","og_description":"Reformas Valencia a r\u00e9alis\u00e9 la transformation compl\u00e8te d'une habitation dans le quartier de Jaume Roig, \u00e0 Valence.","og_url":"https:\/\/www.reformasvalencia.es\/fr\/projets\/maestro-esteban-catala\/","og_site_name":"Cicerone","og_image":[{"width":1200,"height":765,"url":"https:\/\/www.reformasvalencia.es\/wp-content\/uploads\/2025\/01\/cicerone.jpg","type":"image\/jpeg"}],"twitter_card":"summary_large_image","twitter_misc":{"Dur\u00e9e de lecture estim\u00e9e":"1 minute"},"schema":{"@context":"https:\/\/schema.org","@graph":[{"@type":"WebPage","@id":"https:\/\/www.reformasvalencia.es\/fr\/projets\/maestro-esteban-catala\/","url":"https:\/\/www.reformasvalencia.es\/fr\/projets\/maestro-esteban-catala\/","name":"Maestro Esteban Catal\u00e1 - Cicerone","isPartOf":{"@id":"https:\/\/www.reformasvalencia.es\/fr\/#website"},"datePublished":"2026-04-07T07:57:41+00:00","description":"Reformas Valencia a r\u00e9alis\u00e9 la transformation compl\u00e8te d'une habitation dans le quartier de Jaume Roig, \u00e0 Valence.","breadcrumb":{"@id":"https:\/\/www.reformasvalencia.es\/fr\/projets\/maestro-esteban-catala\/#breadcrumb"},"inLanguage":"fr-FR","potentialAction":[{"@type":"ReadAction","target":["https:\/\/www.reformasvalencia.es\/fr\/projets\/maestro-esteban-catala\/"]}]},{"@type":"BreadcrumbList","@id":"https:\/\/www.reformasvalencia.es\/fr\/projets\/maestro-esteban-catala\/#breadcrumb","itemListElement":[{"@type":"ListItem","position":1,"name":"Portada","item":"https:\/\/www.reformasvalencia.es\/fr\/"},{"@type":"ListItem","position":2,"name":"Proyectos","item":"https:\/\/www.reformasvalencia.es\/fr\/projets\/"},{"@type":"ListItem","position":3,"name":"Maestro Esteban Catal\u00e1"}]},{"@type":"WebSite","@id":"https:\/\/www.reformasvalencia.es\/fr\/#website","url":"https:\/\/www.reformasvalencia.es\/fr\/","name":"Cicerone","description":"","publisher":{"@id":"https:\/\/www.reformasvalencia.es\/fr\/#organization"},"potentialAction":[{"@type":"SearchAction","target":{"@type":"EntryPoint","urlTemplate":"https:\/\/www.reformasvalencia.es\/fr\/?s={search_term_string}"},"query-input":{"@type":"PropertyValueSpecification","valueRequired":true,"valueName":"search_term_string"}}],"inLanguage":"fr-FR"},{"@type":"Organization","@id":"https:\/\/www.reformasvalencia.es\/fr\/#organization","name":"Cicerone","url":"https:\/\/www.reformasvalencia.es\/fr\/","logo":{"@type":"ImageObject","inLanguage":"fr-FR","@id":"https:\/\/www.reformasvalencia.es\/fr\/#\/schema\/logo\/image\/","url":"https:\/\/www.reformasvalencia.es\/wp-content\/uploads\/2025\/01\/cicerone-1.jpg","contentUrl":"https:\/\/www.reformasvalencia.es\/wp-content\/uploads\/2025\/01\/cicerone-1.jpg","width":1200,"height":1200,"caption":"Cicerone"},"image":{"@id":"https:\/\/www.reformasvalencia.es\/fr\/#\/schema\/logo\/image\/"},"sameAs":["https:\/\/www.instagram.com\/reformas_ciceronegroup\/"]}]}},"_links":{"self":[{"href":"https:\/\/www.reformasvalencia.es\/fr\/wp-json\/wp\/v2\/proyectos\/7725","targetHints":{"allow":["GET"]}}],"collection":[{"href":"https:\/\/www.reformasvalencia.es\/fr\/wp-json\/wp\/v2\/proyectos"}],"about":[{"href":"https:\/\/www.reformasvalencia.es\/fr\/wp-json\/wp\/v2\/types\/proyectos"}],"wp:attachment":[{"href":"https:\/\/www.reformasvalencia.es\/fr\/wp-json\/wp\/v2\/media?parent=7725"}],"curies":[{"name":"wp","href":"https:\/\/api.w.org\/{rel}","templated":true}]}}