{"id":4103,"date":"2025-02-07T09:05:37","date_gmt":"2025-02-07T08:05:37","guid":{"rendered":"https:\/\/www.reformasvalencia.es\/proyectos\/el-mercat\/"},"modified":"2025-07-28T13:26:08","modified_gmt":"2025-07-28T11:26:08","slug":"el-mercat","status":"publish","type":"proyectos","link":"https:\/\/www.reformasvalencia.es\/fr\/projets\/el-mercat\/","title":{"rendered":"El Mercat"},"content":{"rendered":"&#13;\n<p>Cette <strong>r\u00e9novation int\u00e9grale<\/strong> d\u2019un penthouse en duplex situ\u00e9 dans le <strong>centre de Valence<\/strong> a \u00e9t\u00e9 r\u00e9alis\u00e9e \u00e0 partir du projet minutieux d\u2019un <strong>architecte d\u2019int\u00e9rieur<\/strong> apport\u00e9 par le client, ce qui a impliqu\u00e9 une transformation compl\u00e8te de l\u2019espace. Apr\u00e8s la d\u00e9molition totale des pi\u00e8ces existantes pour cr\u00e9er une toile ouverte, l\u2019objectif a \u00e9t\u00e9 de maximiser l\u2019espace int\u00e9rieur, en obtenant quatre grandes chambres, trois salles de bains et deux toilettes. Le design, marqu\u00e9 par un jeu de courbes soigneusement \u00e9tudi\u00e9 dans des \u00e9l\u00e9ments cl\u00e9s, a \u00e9t\u00e9 con\u00e7u comme un clin d&rsquo;\u0153il aux constructions embl\u00e9matiques de la Cit\u00e9 des Arts et des Sciences, tandis que la zone de jour a \u00e9t\u00e9 orient\u00e9e pour tirer le meilleur parti des vues magnifiques qu\u2019offre la propri\u00e9t\u00e9.  <\/p>&#13;\n<p>Notre mission, en tant qu\u2019<strong>entreprise de construction<\/strong>, a consist\u00e9 \u00e0 g\u00e9rer la <strong>r\u00e9novation <\/strong>dans son int\u00e9gralit\u00e9, en veillant \u00e0 respecter rigoureusement les id\u00e9es de l\u2019auteur du projet et en r\u00e9solvant les diverses complexit\u00e9s techniques rencontr\u00e9es. Parmi les principaux d\u00e9fis, le trac\u00e9 et la largeur de l\u2019escalier ont \u00e9t\u00e9 modifi\u00e9s, et toute la menuiserie int\u00e9rieure a \u00e9t\u00e9 r\u00e9alis\u00e9e sur mesure, en combinant diff\u00e9rents types de finitions. Les armoires courbes s\u00e9parant la cuisine de la salle \u00e0 manger ont constitu\u00e9 un d\u00e9fi particuli\u00e8rement complexe. <\/p>&#13;\n<p>Les terrasses ont \u00e9t\u00e9 am\u00e9nag\u00e9es avec de la pierre naturelle (basalte) pos\u00e9e sur plots, permettant d\u2019aligner parfaitement les niveaux int\u00e9rieur et ext\u00e9rieur gr\u00e2ce \u00e0 des fen\u00eatres affleurantes. \u00c0 l\u2019int\u00e9rieur, le sol combine parquet en bois de cerisier et r\u00e9sine de polyur\u00e9thane, avec une attention particuli\u00e8re port\u00e9e aux jonctions. Pour valoriser les vues, de grandes menuiseries ext\u00e9rieures coulissantes ont \u00e9t\u00e9 install\u00e9es. Les plans de travail des cuisines ont \u00e9t\u00e9 fabriqu\u00e9s sur mesure en r\u00e9sine min\u00e9rale solide, et une grande partie des salles de bains a \u00e9t\u00e9 habill\u00e9e de verre tremp\u00e9 laqu\u00e9 au four. Cette r\u00e9novation a repr\u00e9sent\u00e9 un v\u00e9ritable d\u00e9fi en raison de la grande vari\u00e9t\u00e9 de mat\u00e9riaux utilis\u00e9s et de la complexit\u00e9 des jonctions, aboutissant \u00e0 un penthouse en duplex impressionnant m\u00ealant minimalisme et modernisme.    <\/p>&#13;\n","protected":false},"template":"","class_list":["post-4103","proyectos","type-proyectos","status-publish","hentry"],"yoast_head":"<!-- This site is optimized with the Yoast SEO plugin v26.3 - https:\/\/yoast.com\/wordpress\/plugins\/seo\/ -->\n<title>El Mercat - Cicerone<\/title>\n<meta name=\"description\" content=\"Cicerone Reformas | L\u2019ensemble du projet a \u00e9t\u00e9 r\u00e9alis\u00e9 sur la base du design de l\u2019architecte d\u2019int\u00e9rieur fourni par le client.\" \/>\n<meta name=\"robots\" content=\"index, follow, max-snippet:-1, max-image-preview:large, max-video-preview:-1\" \/>\n<link rel=\"canonical\" href=\"https:\/\/www.reformasvalencia.es\/fr\/projets\/el-mercat\/\" \/>\n<meta property=\"og:locale\" content=\"fr_FR\" \/>\n<meta property=\"og:type\" content=\"article\" \/>\n<meta property=\"og:title\" content=\"El Mercat - Cicerone\" \/>\n<meta property=\"og:description\" content=\"Cicerone Reformas | L\u2019ensemble du projet a \u00e9t\u00e9 r\u00e9alis\u00e9 sur la base du design de l\u2019architecte d\u2019int\u00e9rieur fourni par le client.\" \/>\n<meta property=\"og:url\" content=\"https:\/\/www.reformasvalencia.es\/fr\/projets\/el-mercat\/\" \/>\n<meta property=\"og:site_name\" content=\"Cicerone\" \/>\n<meta property=\"article:modified_time\" content=\"2025-07-28T11:26:08+00:00\" \/>\n<meta property=\"og:image\" content=\"https:\/\/www.reformasvalencia.es\/wp-content\/uploads\/2025\/01\/cicerone.jpg\" \/>\n\t<meta property=\"og:image:width\" content=\"1200\" \/>\n\t<meta property=\"og:image:height\" content=\"765\" \/>\n\t<meta property=\"og:image:type\" content=\"image\/jpeg\" \/>\n<meta name=\"twitter:card\" content=\"summary_large_image\" \/>\n<meta name=\"twitter:label1\" content=\"Dur\u00e9e de lecture estim\u00e9e\" \/>\n\t<meta name=\"twitter:data1\" content=\"2 minutes\" \/>\n<script type=\"application\/ld+json\" class=\"yoast-schema-graph\">{\"@context\":\"https:\/\/schema.org\",\"@graph\":[{\"@type\":\"WebPage\",\"@id\":\"https:\/\/www.reformasvalencia.es\/fr\/projets\/el-mercat\/\",\"url\":\"https:\/\/www.reformasvalencia.es\/fr\/projets\/el-mercat\/\",\"name\":\"El Mercat - Cicerone\",\"isPartOf\":{\"@id\":\"https:\/\/www.reformasvalencia.es\/fr\/#website\"},\"datePublished\":\"2025-02-07T08:05:37+00:00\",\"dateModified\":\"2025-07-28T11:26:08+00:00\",\"description\":\"Cicerone Reformas | L\u2019ensemble du projet a \u00e9t\u00e9 r\u00e9alis\u00e9 sur la base du design de l\u2019architecte d\u2019int\u00e9rieur fourni par le client.\",\"breadcrumb\":{\"@id\":\"https:\/\/www.reformasvalencia.es\/fr\/projets\/el-mercat\/#breadcrumb\"},\"inLanguage\":\"fr-FR\",\"potentialAction\":[{\"@type\":\"ReadAction\",\"target\":[\"https:\/\/www.reformasvalencia.es\/fr\/projets\/el-mercat\/\"]}]},{\"@type\":\"BreadcrumbList\",\"@id\":\"https:\/\/www.reformasvalencia.es\/fr\/projets\/el-mercat\/#breadcrumb\",\"itemListElement\":[{\"@type\":\"ListItem\",\"position\":1,\"name\":\"Portada\",\"item\":\"https:\/\/www.reformasvalencia.es\/fr\/\"},{\"@type\":\"ListItem\",\"position\":2,\"name\":\"Proyectos\",\"item\":\"https:\/\/www.reformasvalencia.es\/fr\/projets\/\"},{\"@type\":\"ListItem\",\"position\":3,\"name\":\"El Mercat\"}]},{\"@type\":\"WebSite\",\"@id\":\"https:\/\/www.reformasvalencia.es\/fr\/#website\",\"url\":\"https:\/\/www.reformasvalencia.es\/fr\/\",\"name\":\"Cicerone\",\"description\":\"\",\"publisher\":{\"@id\":\"https:\/\/www.reformasvalencia.es\/fr\/#organization\"},\"potentialAction\":[{\"@type\":\"SearchAction\",\"target\":{\"@type\":\"EntryPoint\",\"urlTemplate\":\"https:\/\/www.reformasvalencia.es\/fr\/?s={search_term_string}\"},\"query-input\":{\"@type\":\"PropertyValueSpecification\",\"valueRequired\":true,\"valueName\":\"search_term_string\"}}],\"inLanguage\":\"fr-FR\"},{\"@type\":\"Organization\",\"@id\":\"https:\/\/www.reformasvalencia.es\/fr\/#organization\",\"name\":\"Cicerone\",\"url\":\"https:\/\/www.reformasvalencia.es\/fr\/\",\"logo\":{\"@type\":\"ImageObject\",\"inLanguage\":\"fr-FR\",\"@id\":\"https:\/\/www.reformasvalencia.es\/fr\/#\/schema\/logo\/image\/\",\"url\":\"https:\/\/www.reformasvalencia.es\/wp-content\/uploads\/2025\/01\/cicerone-1.jpg\",\"contentUrl\":\"https:\/\/www.reformasvalencia.es\/wp-content\/uploads\/2025\/01\/cicerone-1.jpg\",\"width\":1200,\"height\":1200,\"caption\":\"Cicerone\"},\"image\":{\"@id\":\"https:\/\/www.reformasvalencia.es\/fr\/#\/schema\/logo\/image\/\"},\"sameAs\":[\"https:\/\/www.instagram.com\/reformas_ciceronegroup\/\"]}]}<\/script>\n<!-- \/ Yoast SEO plugin. -->","yoast_head_json":{"title":"El Mercat - Cicerone","description":"Cicerone Reformas | L\u2019ensemble du projet a \u00e9t\u00e9 r\u00e9alis\u00e9 sur la base du design de l\u2019architecte d\u2019int\u00e9rieur fourni par le client.","robots":{"index":"index","follow":"follow","max-snippet":"max-snippet:-1","max-image-preview":"max-image-preview:large","max-video-preview":"max-video-preview:-1"},"canonical":"https:\/\/www.reformasvalencia.es\/fr\/projets\/el-mercat\/","og_locale":"fr_FR","og_type":"article","og_title":"El Mercat - Cicerone","og_description":"Cicerone Reformas | L\u2019ensemble du projet a \u00e9t\u00e9 r\u00e9alis\u00e9 sur la base du design de l\u2019architecte d\u2019int\u00e9rieur fourni par le client.","og_url":"https:\/\/www.reformasvalencia.es\/fr\/projets\/el-mercat\/","og_site_name":"Cicerone","article_modified_time":"2025-07-28T11:26:08+00:00","og_image":[{"width":1200,"height":765,"url":"https:\/\/www.reformasvalencia.es\/wp-content\/uploads\/2025\/01\/cicerone.jpg","type":"image\/jpeg"}],"twitter_card":"summary_large_image","twitter_misc":{"Dur\u00e9e de lecture estim\u00e9e":"2 minutes"},"schema":{"@context":"https:\/\/schema.org","@graph":[{"@type":"WebPage","@id":"https:\/\/www.reformasvalencia.es\/fr\/projets\/el-mercat\/","url":"https:\/\/www.reformasvalencia.es\/fr\/projets\/el-mercat\/","name":"El Mercat - Cicerone","isPartOf":{"@id":"https:\/\/www.reformasvalencia.es\/fr\/#website"},"datePublished":"2025-02-07T08:05:37+00:00","dateModified":"2025-07-28T11:26:08+00:00","description":"Cicerone Reformas | L\u2019ensemble du projet a \u00e9t\u00e9 r\u00e9alis\u00e9 sur la base du design de l\u2019architecte d\u2019int\u00e9rieur fourni par le client.","breadcrumb":{"@id":"https:\/\/www.reformasvalencia.es\/fr\/projets\/el-mercat\/#breadcrumb"},"inLanguage":"fr-FR","potentialAction":[{"@type":"ReadAction","target":["https:\/\/www.reformasvalencia.es\/fr\/projets\/el-mercat\/"]}]},{"@type":"BreadcrumbList","@id":"https:\/\/www.reformasvalencia.es\/fr\/projets\/el-mercat\/#breadcrumb","itemListElement":[{"@type":"ListItem","position":1,"name":"Portada","item":"https:\/\/www.reformasvalencia.es\/fr\/"},{"@type":"ListItem","position":2,"name":"Proyectos","item":"https:\/\/www.reformasvalencia.es\/fr\/projets\/"},{"@type":"ListItem","position":3,"name":"El Mercat"}]},{"@type":"WebSite","@id":"https:\/\/www.reformasvalencia.es\/fr\/#website","url":"https:\/\/www.reformasvalencia.es\/fr\/","name":"Cicerone","description":"","publisher":{"@id":"https:\/\/www.reformasvalencia.es\/fr\/#organization"},"potentialAction":[{"@type":"SearchAction","target":{"@type":"EntryPoint","urlTemplate":"https:\/\/www.reformasvalencia.es\/fr\/?s={search_term_string}"},"query-input":{"@type":"PropertyValueSpecification","valueRequired":true,"valueName":"search_term_string"}}],"inLanguage":"fr-FR"},{"@type":"Organization","@id":"https:\/\/www.reformasvalencia.es\/fr\/#organization","name":"Cicerone","url":"https:\/\/www.reformasvalencia.es\/fr\/","logo":{"@type":"ImageObject","inLanguage":"fr-FR","@id":"https:\/\/www.reformasvalencia.es\/fr\/#\/schema\/logo\/image\/","url":"https:\/\/www.reformasvalencia.es\/wp-content\/uploads\/2025\/01\/cicerone-1.jpg","contentUrl":"https:\/\/www.reformasvalencia.es\/wp-content\/uploads\/2025\/01\/cicerone-1.jpg","width":1200,"height":1200,"caption":"Cicerone"},"image":{"@id":"https:\/\/www.reformasvalencia.es\/fr\/#\/schema\/logo\/image\/"},"sameAs":["https:\/\/www.instagram.com\/reformas_ciceronegroup\/"]}]}},"_links":{"self":[{"href":"https:\/\/www.reformasvalencia.es\/fr\/wp-json\/wp\/v2\/proyectos\/4103","targetHints":{"allow":["GET"]}}],"collection":[{"href":"https:\/\/www.reformasvalencia.es\/fr\/wp-json\/wp\/v2\/proyectos"}],"about":[{"href":"https:\/\/www.reformasvalencia.es\/fr\/wp-json\/wp\/v2\/types\/proyectos"}],"wp:attachment":[{"href":"https:\/\/www.reformasvalencia.es\/fr\/wp-json\/wp\/v2\/media?parent=4103"}],"curies":[{"name":"wp","href":"https:\/\/api.w.org\/{rel}","templated":true}]}}