{"id":3758,"date":"2025-02-07T08:40:52","date_gmt":"2025-02-07T07:40:52","guid":{"rendered":"https:\/\/www.reformasvalencia.es\/proyectos\/salamanca\/"},"modified":"2025-04-07T18:06:34","modified_gmt":"2025-04-07T16:06:34","slug":"salamanca","status":"publish","type":"proyectos","link":"https:\/\/www.reformasvalencia.es\/fr\/projets\/salamanca\/","title":{"rendered":"Salamanca"},"content":{"rendered":"\n<p>Cicerone et Juan Montoliu croisent \u00e0 nouveau leurs chemins, donnant naissance \u00e0 un appartement sophistiqu\u00e9 au c\u0153ur de <strong>L\u2019Eixample<\/strong>. La <strong>r\u00e9novation<\/strong> respire l&rsquo;\u00e9l\u00e9gance et l&rsquo;exclusivit\u00e9, se distinguant par son haut niveau d&rsquo;ex\u00e9cution.<\/p>\n\n<p>L&rsquo;intervention a commenc\u00e9 par la d\u00e9molition de toutes les cloisons pour obtenir un espace compl\u00e8tement ouvert. Sa redistribution a \u00e9t\u00e9 d\u00e9finie par les besoins du client, en marquant la fonctionnalit\u00e9 comme principe de base. Le concept ouvert s&rsquo;\u00e9tend de mani\u00e8re exquise depuis l&rsquo;entr\u00e9e de la maison jusqu&rsquo;\u00e0 la fa\u00e7ade principale, o\u00f9 une tringle \u00e0 rideau cach\u00e9e permet de placer les rideaux selon les besoins. \u00c0 l\u2019extr\u00e9mit\u00e9 oppos\u00e9e, pr\u00e9sidant l\u2019espace comme s\u2019il s\u2019agissait d\u2019une \u0153uvre d\u2019art, se trouve la cuisine. A c\u00f4t\u00e9 du salon se trouve la pi\u00e8ce secondaire, reli\u00e9e par une grande menuiserie en bois capable de se plier et d&rsquo;ouvrir compl\u00e8tement le passage.    <\/p>\n\n<p>Les conduits de climatisation blancs apportent une touche industrielle, se fondant harmonieusement avec les hauts plafonds et leurs moulures d\u2019origine. L\u2019utilisation de mat\u00e9riaux organiques dans les salles de bain nous transporte dans l\u2019atmosph\u00e8re apaisante d\u2019un spa. Les vasques taill\u00e9es dans la pierre naturelle ainsi que l\u2019uniformit\u00e9 des mat\u00e9riaux utilis\u00e9s pour les sols, les murs et le mobilier en sont de parfaits exemples. Le choix du noir pour les accessoires et la robinetterie conf\u00e8re une \u00e9l\u00e9gance suppl\u00e9mentaire \u00e0 l\u2019ensemble. L\u2019utilisation du m\u00eame mat\u00e9riau en porcelaine dans la cuisine, les niches des chambres et les t\u00eates de lit cr\u00e9e une continuit\u00e9 visuelle, servant de fil conducteur \u00e0 la r\u00e9novation. L\u2019installation de panneaux en bois du sol au plafond dans le couloir int\u00e8gre des portes grand format, les rendant presque invisibles. Pour le rev\u00eatement de sol, la pose d\u2019un carrelage en porcelaine suivant un motif en chevrons parach\u00e8ve avec raffinement ce projet architectural exclusif.      <\/p>\n\n<p>Si vous recherchez une <strong>entreprise de construction pour r\u00e9nover un appartement \u00e0 Valence<\/strong>, Cicerone met toute son exp\u00e9rience et son professionnalisme au service de votre projet de r\u00e9novation int\u00e9grale.<\/p>\n","protected":false},"template":"","class_list":["post-3758","proyectos","type-proyectos","status-publish","hentry"],"yoast_head":"<!-- This site is optimized with the Yoast SEO plugin v26.3 - https:\/\/yoast.com\/wordpress\/plugins\/seo\/ -->\n<title>Salamanca - Cicerone<\/title>\n<meta name=\"description\" content=\"Cicerone et Juan Montoliu croisent \u00e0 nouveau leurs chemins, donnant naissance \u00e0 un appartement sophistiqu\u00e9 au c\u0153ur de L\u2019Eixample.\" \/>\n<meta name=\"robots\" content=\"index, follow, max-snippet:-1, max-image-preview:large, max-video-preview:-1\" \/>\n<link rel=\"canonical\" href=\"https:\/\/www.reformasvalencia.es\/fr\/projets\/salamanca\/\" \/>\n<meta property=\"og:locale\" content=\"fr_FR\" \/>\n<meta property=\"og:type\" content=\"article\" \/>\n<meta property=\"og:title\" content=\"Salamanca - Cicerone\" \/>\n<meta property=\"og:description\" content=\"Cicerone et Juan Montoliu croisent \u00e0 nouveau leurs chemins, donnant naissance \u00e0 un appartement sophistiqu\u00e9 au c\u0153ur de L\u2019Eixample.\" \/>\n<meta property=\"og:url\" content=\"https:\/\/www.reformasvalencia.es\/fr\/projets\/salamanca\/\" \/>\n<meta property=\"og:site_name\" content=\"Cicerone\" \/>\n<meta property=\"article:modified_time\" content=\"2025-04-07T16:06:34+00:00\" \/>\n<meta property=\"og:image\" content=\"https:\/\/www.reformasvalencia.es\/wp-content\/uploads\/2025\/01\/cicerone.jpg\" \/>\n\t<meta property=\"og:image:width\" content=\"1200\" \/>\n\t<meta property=\"og:image:height\" content=\"765\" \/>\n\t<meta property=\"og:image:type\" content=\"image\/jpeg\" \/>\n<meta name=\"twitter:card\" content=\"summary_large_image\" \/>\n<meta name=\"twitter:label1\" content=\"Dur\u00e9e de lecture estim\u00e9e\" \/>\n\t<meta name=\"twitter:data1\" content=\"2 minutes\" \/>\n<script type=\"application\/ld+json\" class=\"yoast-schema-graph\">{\"@context\":\"https:\/\/schema.org\",\"@graph\":[{\"@type\":\"WebPage\",\"@id\":\"https:\/\/www.reformasvalencia.es\/fr\/projets\/salamanca\/\",\"url\":\"https:\/\/www.reformasvalencia.es\/fr\/projets\/salamanca\/\",\"name\":\"Salamanca - Cicerone\",\"isPartOf\":{\"@id\":\"https:\/\/www.reformasvalencia.es\/fr\/#website\"},\"datePublished\":\"2025-02-07T07:40:52+00:00\",\"dateModified\":\"2025-04-07T16:06:34+00:00\",\"description\":\"Cicerone et Juan Montoliu croisent \u00e0 nouveau leurs chemins, donnant naissance \u00e0 un appartement sophistiqu\u00e9 au c\u0153ur de L\u2019Eixample.\",\"breadcrumb\":{\"@id\":\"https:\/\/www.reformasvalencia.es\/fr\/projets\/salamanca\/#breadcrumb\"},\"inLanguage\":\"fr-FR\",\"potentialAction\":[{\"@type\":\"ReadAction\",\"target\":[\"https:\/\/www.reformasvalencia.es\/fr\/projets\/salamanca\/\"]}]},{\"@type\":\"BreadcrumbList\",\"@id\":\"https:\/\/www.reformasvalencia.es\/fr\/projets\/salamanca\/#breadcrumb\",\"itemListElement\":[{\"@type\":\"ListItem\",\"position\":1,\"name\":\"Portada\",\"item\":\"https:\/\/www.reformasvalencia.es\/fr\/\"},{\"@type\":\"ListItem\",\"position\":2,\"name\":\"Proyectos\",\"item\":\"https:\/\/www.reformasvalencia.es\/fr\/projets\/\"},{\"@type\":\"ListItem\",\"position\":3,\"name\":\"Salamanca\"}]},{\"@type\":\"WebSite\",\"@id\":\"https:\/\/www.reformasvalencia.es\/fr\/#website\",\"url\":\"https:\/\/www.reformasvalencia.es\/fr\/\",\"name\":\"Cicerone\",\"description\":\"\",\"publisher\":{\"@id\":\"https:\/\/www.reformasvalencia.es\/fr\/#organization\"},\"potentialAction\":[{\"@type\":\"SearchAction\",\"target\":{\"@type\":\"EntryPoint\",\"urlTemplate\":\"https:\/\/www.reformasvalencia.es\/fr\/?s={search_term_string}\"},\"query-input\":{\"@type\":\"PropertyValueSpecification\",\"valueRequired\":true,\"valueName\":\"search_term_string\"}}],\"inLanguage\":\"fr-FR\"},{\"@type\":\"Organization\",\"@id\":\"https:\/\/www.reformasvalencia.es\/fr\/#organization\",\"name\":\"Cicerone\",\"url\":\"https:\/\/www.reformasvalencia.es\/fr\/\",\"logo\":{\"@type\":\"ImageObject\",\"inLanguage\":\"fr-FR\",\"@id\":\"https:\/\/www.reformasvalencia.es\/fr\/#\/schema\/logo\/image\/\",\"url\":\"https:\/\/www.reformasvalencia.es\/wp-content\/uploads\/2025\/01\/cicerone-1.jpg\",\"contentUrl\":\"https:\/\/www.reformasvalencia.es\/wp-content\/uploads\/2025\/01\/cicerone-1.jpg\",\"width\":1200,\"height\":1200,\"caption\":\"Cicerone\"},\"image\":{\"@id\":\"https:\/\/www.reformasvalencia.es\/fr\/#\/schema\/logo\/image\/\"},\"sameAs\":[\"https:\/\/www.instagram.com\/reformas_ciceronegroup\/\"]}]}<\/script>\n<!-- \/ Yoast SEO plugin. -->","yoast_head_json":{"title":"Salamanca - Cicerone","description":"Cicerone et Juan Montoliu croisent \u00e0 nouveau leurs chemins, donnant naissance \u00e0 un appartement sophistiqu\u00e9 au c\u0153ur de L\u2019Eixample.","robots":{"index":"index","follow":"follow","max-snippet":"max-snippet:-1","max-image-preview":"max-image-preview:large","max-video-preview":"max-video-preview:-1"},"canonical":"https:\/\/www.reformasvalencia.es\/fr\/projets\/salamanca\/","og_locale":"fr_FR","og_type":"article","og_title":"Salamanca - Cicerone","og_description":"Cicerone et Juan Montoliu croisent \u00e0 nouveau leurs chemins, donnant naissance \u00e0 un appartement sophistiqu\u00e9 au c\u0153ur de L\u2019Eixample.","og_url":"https:\/\/www.reformasvalencia.es\/fr\/projets\/salamanca\/","og_site_name":"Cicerone","article_modified_time":"2025-04-07T16:06:34+00:00","og_image":[{"width":1200,"height":765,"url":"https:\/\/www.reformasvalencia.es\/wp-content\/uploads\/2025\/01\/cicerone.jpg","type":"image\/jpeg"}],"twitter_card":"summary_large_image","twitter_misc":{"Dur\u00e9e de lecture estim\u00e9e":"2 minutes"},"schema":{"@context":"https:\/\/schema.org","@graph":[{"@type":"WebPage","@id":"https:\/\/www.reformasvalencia.es\/fr\/projets\/salamanca\/","url":"https:\/\/www.reformasvalencia.es\/fr\/projets\/salamanca\/","name":"Salamanca - Cicerone","isPartOf":{"@id":"https:\/\/www.reformasvalencia.es\/fr\/#website"},"datePublished":"2025-02-07T07:40:52+00:00","dateModified":"2025-04-07T16:06:34+00:00","description":"Cicerone et Juan Montoliu croisent \u00e0 nouveau leurs chemins, donnant naissance \u00e0 un appartement sophistiqu\u00e9 au c\u0153ur de L\u2019Eixample.","breadcrumb":{"@id":"https:\/\/www.reformasvalencia.es\/fr\/projets\/salamanca\/#breadcrumb"},"inLanguage":"fr-FR","potentialAction":[{"@type":"ReadAction","target":["https:\/\/www.reformasvalencia.es\/fr\/projets\/salamanca\/"]}]},{"@type":"BreadcrumbList","@id":"https:\/\/www.reformasvalencia.es\/fr\/projets\/salamanca\/#breadcrumb","itemListElement":[{"@type":"ListItem","position":1,"name":"Portada","item":"https:\/\/www.reformasvalencia.es\/fr\/"},{"@type":"ListItem","position":2,"name":"Proyectos","item":"https:\/\/www.reformasvalencia.es\/fr\/projets\/"},{"@type":"ListItem","position":3,"name":"Salamanca"}]},{"@type":"WebSite","@id":"https:\/\/www.reformasvalencia.es\/fr\/#website","url":"https:\/\/www.reformasvalencia.es\/fr\/","name":"Cicerone","description":"","publisher":{"@id":"https:\/\/www.reformasvalencia.es\/fr\/#organization"},"potentialAction":[{"@type":"SearchAction","target":{"@type":"EntryPoint","urlTemplate":"https:\/\/www.reformasvalencia.es\/fr\/?s={search_term_string}"},"query-input":{"@type":"PropertyValueSpecification","valueRequired":true,"valueName":"search_term_string"}}],"inLanguage":"fr-FR"},{"@type":"Organization","@id":"https:\/\/www.reformasvalencia.es\/fr\/#organization","name":"Cicerone","url":"https:\/\/www.reformasvalencia.es\/fr\/","logo":{"@type":"ImageObject","inLanguage":"fr-FR","@id":"https:\/\/www.reformasvalencia.es\/fr\/#\/schema\/logo\/image\/","url":"https:\/\/www.reformasvalencia.es\/wp-content\/uploads\/2025\/01\/cicerone-1.jpg","contentUrl":"https:\/\/www.reformasvalencia.es\/wp-content\/uploads\/2025\/01\/cicerone-1.jpg","width":1200,"height":1200,"caption":"Cicerone"},"image":{"@id":"https:\/\/www.reformasvalencia.es\/fr\/#\/schema\/logo\/image\/"},"sameAs":["https:\/\/www.instagram.com\/reformas_ciceronegroup\/"]}]}},"_links":{"self":[{"href":"https:\/\/www.reformasvalencia.es\/fr\/wp-json\/wp\/v2\/proyectos\/3758","targetHints":{"allow":["GET"]}}],"collection":[{"href":"https:\/\/www.reformasvalencia.es\/fr\/wp-json\/wp\/v2\/proyectos"}],"about":[{"href":"https:\/\/www.reformasvalencia.es\/fr\/wp-json\/wp\/v2\/types\/proyectos"}],"wp:attachment":[{"href":"https:\/\/www.reformasvalencia.es\/fr\/wp-json\/wp\/v2\/media?parent=3758"}],"curies":[{"name":"wp","href":"https:\/\/api.w.org\/{rel}","templated":true}]}}