{"id":3202,"date":"2025-02-07T07:50:57","date_gmt":"2025-02-07T06:50:57","guid":{"rendered":"https:\/\/www.reformasvalencia.es\/proyectos\/marques-de-sotelo\/"},"modified":"2025-03-24T11:08:43","modified_gmt":"2025-03-24T10:08:43","slug":"marques-de-sotelo","status":"publish","type":"proyectos","link":"https:\/\/www.reformasvalencia.es\/fr\/projets\/marques-de-sotelo\/","title":{"rendered":"Marqu\u00e9s de Sotelo"},"content":{"rendered":"\n<p>La <strong>r\u00e9novation<\/strong> de cet appartement de style classique situ\u00e9 dans le centre historique de <strong>Valence<\/strong> est le r\u00e9sultat d&rsquo;un projet r\u00e9alis\u00e9 par le studio d&rsquo;architecture Balzar Arquitectos.<\/p>\n\n<p>L\u2019un des principaux objectifs du projet \u00e9tait de conserver les \u00e9l\u00e9ments classiques de la propri\u00e9t\u00e9. Pour cela, diff\u00e9rentes interventions ont \u00e9t\u00e9 r\u00e9alis\u00e9es, notamment la restauration du sol en Noia, la r\u00e9novation des fen\u00eatres en bois et la reproduction des corniches d\u00e9coratives au plafond. <\/p>\n\n<p>En contraste avec le style classique caract\u00e9ristique de ce type de propri\u00e9t\u00e9, des mat\u00e9riaux contemporains et des formes organiques ont \u00e9t\u00e9 introduits pour assurer une continuit\u00e9 entre les espaces. Parmi ces \u00e9l\u00e9ments, on trouve la courbe de l\u2019entr\u00e9e rev\u00eatue de microciment et les carreaux grand format utilis\u00e9s pour le rev\u00eatement de la salle de bain principale. L\u2019\u00e9clairage a \u00e9galement jou\u00e9 un r\u00f4le cl\u00e9 dans cette r\u00e9novation, avec un \u00e9clairage indirect situ\u00e9 dans les doublages pour illuminer les corniches et cr\u00e9er un jeu de lumi\u00e8re dans les diff\u00e9rentes pi\u00e8ces.   <\/p>\n\n<p>Le r\u00e9sultat final est une r\u00e9sidence sophistiqu\u00e9e et \u00e9l\u00e9gante, qui allie l\u2019essence originale \u00e0 des \u00e9l\u00e9ments contemporains. Si vous recherchez une entreprise de <strong>construction pour r\u00e9nover un appartement \u00e0 Valence<\/strong>, Cicerone se distingue par son professionnalisme, son efficacit\u00e9 et sa grande exp\u00e9rience. <\/p>\n\n<p><\/p>\n","protected":false},"template":"","class_list":["post-3202","proyectos","type-proyectos","status-publish","hentry"],"yoast_head":"<!-- This site is optimized with the Yoast SEO plugin v26.3 - https:\/\/yoast.com\/wordpress\/plugins\/seo\/ -->\n<title>Marqu\u00e9s de Sotelo - Cicerone<\/title>\n<meta name=\"description\" content=\"Construction et r\u00e9novations \u00e0 Valence. R\u00e9novation d\u2019un appartement de style classique situ\u00e9 dans le centre historique de Valence\" \/>\n<meta name=\"robots\" content=\"index, follow, max-snippet:-1, max-image-preview:large, max-video-preview:-1\" \/>\n<link rel=\"canonical\" href=\"https:\/\/www.reformasvalencia.es\/fr\/projets\/marques-de-sotelo\/\" \/>\n<meta property=\"og:locale\" content=\"fr_FR\" \/>\n<meta property=\"og:type\" content=\"article\" \/>\n<meta property=\"og:title\" content=\"Marqu\u00e9s de Sotelo - Cicerone\" \/>\n<meta property=\"og:description\" content=\"Construction et r\u00e9novations \u00e0 Valence. R\u00e9novation d\u2019un appartement de style classique situ\u00e9 dans le centre historique de Valence\" \/>\n<meta property=\"og:url\" content=\"https:\/\/www.reformasvalencia.es\/fr\/projets\/marques-de-sotelo\/\" \/>\n<meta property=\"og:site_name\" content=\"Cicerone\" \/>\n<meta property=\"article:modified_time\" content=\"2025-03-24T10:08:43+00:00\" \/>\n<meta property=\"og:image\" content=\"https:\/\/www.reformasvalencia.es\/wp-content\/uploads\/2025\/01\/cicerone.jpg\" \/>\n\t<meta property=\"og:image:width\" content=\"1200\" \/>\n\t<meta property=\"og:image:height\" content=\"765\" \/>\n\t<meta property=\"og:image:type\" content=\"image\/jpeg\" \/>\n<meta name=\"twitter:card\" content=\"summary_large_image\" \/>\n<meta name=\"twitter:label1\" content=\"Dur\u00e9e de lecture estim\u00e9e\" \/>\n\t<meta name=\"twitter:data1\" content=\"1 minute\" \/>\n<script type=\"application\/ld+json\" class=\"yoast-schema-graph\">{\"@context\":\"https:\/\/schema.org\",\"@graph\":[{\"@type\":\"WebPage\",\"@id\":\"https:\/\/www.reformasvalencia.es\/fr\/projets\/marques-de-sotelo\/\",\"url\":\"https:\/\/www.reformasvalencia.es\/fr\/projets\/marques-de-sotelo\/\",\"name\":\"Marqu\u00e9s de Sotelo - Cicerone\",\"isPartOf\":{\"@id\":\"https:\/\/www.reformasvalencia.es\/fr\/#website\"},\"datePublished\":\"2025-02-07T06:50:57+00:00\",\"dateModified\":\"2025-03-24T10:08:43+00:00\",\"description\":\"Construction et r\u00e9novations \u00e0 Valence. R\u00e9novation d\u2019un appartement de style classique situ\u00e9 dans le centre historique de Valence\",\"breadcrumb\":{\"@id\":\"https:\/\/www.reformasvalencia.es\/fr\/projets\/marques-de-sotelo\/#breadcrumb\"},\"inLanguage\":\"fr-FR\",\"potentialAction\":[{\"@type\":\"ReadAction\",\"target\":[\"https:\/\/www.reformasvalencia.es\/fr\/projets\/marques-de-sotelo\/\"]}]},{\"@type\":\"BreadcrumbList\",\"@id\":\"https:\/\/www.reformasvalencia.es\/fr\/projets\/marques-de-sotelo\/#breadcrumb\",\"itemListElement\":[{\"@type\":\"ListItem\",\"position\":1,\"name\":\"Portada\",\"item\":\"https:\/\/www.reformasvalencia.es\/fr\/\"},{\"@type\":\"ListItem\",\"position\":2,\"name\":\"Proyectos\",\"item\":\"https:\/\/www.reformasvalencia.es\/fr\/projets\/\"},{\"@type\":\"ListItem\",\"position\":3,\"name\":\"Marqu\u00e9s de Sotelo\"}]},{\"@type\":\"WebSite\",\"@id\":\"https:\/\/www.reformasvalencia.es\/fr\/#website\",\"url\":\"https:\/\/www.reformasvalencia.es\/fr\/\",\"name\":\"Cicerone\",\"description\":\"\",\"publisher\":{\"@id\":\"https:\/\/www.reformasvalencia.es\/fr\/#organization\"},\"potentialAction\":[{\"@type\":\"SearchAction\",\"target\":{\"@type\":\"EntryPoint\",\"urlTemplate\":\"https:\/\/www.reformasvalencia.es\/fr\/?s={search_term_string}\"},\"query-input\":{\"@type\":\"PropertyValueSpecification\",\"valueRequired\":true,\"valueName\":\"search_term_string\"}}],\"inLanguage\":\"fr-FR\"},{\"@type\":\"Organization\",\"@id\":\"https:\/\/www.reformasvalencia.es\/fr\/#organization\",\"name\":\"Cicerone\",\"url\":\"https:\/\/www.reformasvalencia.es\/fr\/\",\"logo\":{\"@type\":\"ImageObject\",\"inLanguage\":\"fr-FR\",\"@id\":\"https:\/\/www.reformasvalencia.es\/fr\/#\/schema\/logo\/image\/\",\"url\":\"https:\/\/www.reformasvalencia.es\/wp-content\/uploads\/2025\/01\/cicerone-1.jpg\",\"contentUrl\":\"https:\/\/www.reformasvalencia.es\/wp-content\/uploads\/2025\/01\/cicerone-1.jpg\",\"width\":1200,\"height\":1200,\"caption\":\"Cicerone\"},\"image\":{\"@id\":\"https:\/\/www.reformasvalencia.es\/fr\/#\/schema\/logo\/image\/\"},\"sameAs\":[\"https:\/\/www.instagram.com\/reformas_ciceronegroup\/\"]}]}<\/script>\n<!-- \/ Yoast SEO plugin. -->","yoast_head_json":{"title":"Marqu\u00e9s de Sotelo - Cicerone","description":"Construction et r\u00e9novations \u00e0 Valence. R\u00e9novation d\u2019un appartement de style classique situ\u00e9 dans le centre historique de Valence","robots":{"index":"index","follow":"follow","max-snippet":"max-snippet:-1","max-image-preview":"max-image-preview:large","max-video-preview":"max-video-preview:-1"},"canonical":"https:\/\/www.reformasvalencia.es\/fr\/projets\/marques-de-sotelo\/","og_locale":"fr_FR","og_type":"article","og_title":"Marqu\u00e9s de Sotelo - Cicerone","og_description":"Construction et r\u00e9novations \u00e0 Valence. R\u00e9novation d\u2019un appartement de style classique situ\u00e9 dans le centre historique de Valence","og_url":"https:\/\/www.reformasvalencia.es\/fr\/projets\/marques-de-sotelo\/","og_site_name":"Cicerone","article_modified_time":"2025-03-24T10:08:43+00:00","og_image":[{"width":1200,"height":765,"url":"https:\/\/www.reformasvalencia.es\/wp-content\/uploads\/2025\/01\/cicerone.jpg","type":"image\/jpeg"}],"twitter_card":"summary_large_image","twitter_misc":{"Dur\u00e9e de lecture estim\u00e9e":"1 minute"},"schema":{"@context":"https:\/\/schema.org","@graph":[{"@type":"WebPage","@id":"https:\/\/www.reformasvalencia.es\/fr\/projets\/marques-de-sotelo\/","url":"https:\/\/www.reformasvalencia.es\/fr\/projets\/marques-de-sotelo\/","name":"Marqu\u00e9s de Sotelo - Cicerone","isPartOf":{"@id":"https:\/\/www.reformasvalencia.es\/fr\/#website"},"datePublished":"2025-02-07T06:50:57+00:00","dateModified":"2025-03-24T10:08:43+00:00","description":"Construction et r\u00e9novations \u00e0 Valence. R\u00e9novation d\u2019un appartement de style classique situ\u00e9 dans le centre historique de Valence","breadcrumb":{"@id":"https:\/\/www.reformasvalencia.es\/fr\/projets\/marques-de-sotelo\/#breadcrumb"},"inLanguage":"fr-FR","potentialAction":[{"@type":"ReadAction","target":["https:\/\/www.reformasvalencia.es\/fr\/projets\/marques-de-sotelo\/"]}]},{"@type":"BreadcrumbList","@id":"https:\/\/www.reformasvalencia.es\/fr\/projets\/marques-de-sotelo\/#breadcrumb","itemListElement":[{"@type":"ListItem","position":1,"name":"Portada","item":"https:\/\/www.reformasvalencia.es\/fr\/"},{"@type":"ListItem","position":2,"name":"Proyectos","item":"https:\/\/www.reformasvalencia.es\/fr\/projets\/"},{"@type":"ListItem","position":3,"name":"Marqu\u00e9s de Sotelo"}]},{"@type":"WebSite","@id":"https:\/\/www.reformasvalencia.es\/fr\/#website","url":"https:\/\/www.reformasvalencia.es\/fr\/","name":"Cicerone","description":"","publisher":{"@id":"https:\/\/www.reformasvalencia.es\/fr\/#organization"},"potentialAction":[{"@type":"SearchAction","target":{"@type":"EntryPoint","urlTemplate":"https:\/\/www.reformasvalencia.es\/fr\/?s={search_term_string}"},"query-input":{"@type":"PropertyValueSpecification","valueRequired":true,"valueName":"search_term_string"}}],"inLanguage":"fr-FR"},{"@type":"Organization","@id":"https:\/\/www.reformasvalencia.es\/fr\/#organization","name":"Cicerone","url":"https:\/\/www.reformasvalencia.es\/fr\/","logo":{"@type":"ImageObject","inLanguage":"fr-FR","@id":"https:\/\/www.reformasvalencia.es\/fr\/#\/schema\/logo\/image\/","url":"https:\/\/www.reformasvalencia.es\/wp-content\/uploads\/2025\/01\/cicerone-1.jpg","contentUrl":"https:\/\/www.reformasvalencia.es\/wp-content\/uploads\/2025\/01\/cicerone-1.jpg","width":1200,"height":1200,"caption":"Cicerone"},"image":{"@id":"https:\/\/www.reformasvalencia.es\/fr\/#\/schema\/logo\/image\/"},"sameAs":["https:\/\/www.instagram.com\/reformas_ciceronegroup\/"]}]}},"_links":{"self":[{"href":"https:\/\/www.reformasvalencia.es\/fr\/wp-json\/wp\/v2\/proyectos\/3202","targetHints":{"allow":["GET"]}}],"collection":[{"href":"https:\/\/www.reformasvalencia.es\/fr\/wp-json\/wp\/v2\/proyectos"}],"about":[{"href":"https:\/\/www.reformasvalencia.es\/fr\/wp-json\/wp\/v2\/types\/proyectos"}],"wp:attachment":[{"href":"https:\/\/www.reformasvalencia.es\/fr\/wp-json\/wp\/v2\/media?parent=3202"}],"curies":[{"name":"wp","href":"https:\/\/api.w.org\/{rel}","templated":true}]}}