{"id":3145,"date":"2025-02-07T07:45:59","date_gmt":"2025-02-07T06:45:59","guid":{"rendered":"https:\/\/www.reformasvalencia.es\/proyectos\/poblats-maritims\/"},"modified":"2025-03-25T13:48:05","modified_gmt":"2025-03-25T12:48:05","slug":"poblats-maritims","status":"publish","type":"proyectos","link":"https:\/\/www.reformasvalencia.es\/fr\/projets\/poblats-maritims\/","title":{"rendered":"Poblats Mar\u00edtims"},"content":{"rendered":"\n<p>Ce <strong>projet d&rsquo;architecture<\/strong> prend comme point de d\u00e9part un vieil appartement \u00e0 <strong>El Caba\u00f1al<\/strong>, situ\u00e9 \u00e0 quelques minutes de la plage de la <strong>Malvarrosa<\/strong>. Le client, pour qui <strong>Cicerone<\/strong> avait d\u00e9j\u00e0 r\u00e9nov\u00e9 par le pass\u00e9 un autre logement lui appartenant, n\u2019a eu aucun doute au moment de nous confier la <strong>r\u00e9novation<\/strong> de ce nouveau projet. <\/p>\n\n<p>L\u2019appartement pr\u00e9sentait \u00e0 l\u2019origine une disposition trop cloisonn\u00e9e et des finitions d\u00e9pass\u00e9es. La premi\u00e8re \u00e9tape consistait \u00e0 r\u00e9organiser les espaces pour obtenir une disposition pratique et fonctionnelle. Cette nouvelle organisation a donn\u00e9 lieu \u00e0 une habitation tr\u00e8s compacte, avec un minimum d\u2019espaces de circulation et une s\u00e9paration claire des diff\u00e9rents environnements.  <\/p>\n\n<p>La simplicit\u00e9 du projet se refl\u00e9tait \u00e9galement dans le design int\u00e9rieur de l\u2019appartement, qui adoptait un style contemporain avec une ambiance c\u00f4ti\u00e8re apaisante. Les tons clairs pr\u00e9dominaient sur toutes les surfaces, transmettant une sensation de tranquillit\u00e9 et augmentant la luminosit\u00e9 de l\u2019espace. En contraste, des menuiseries de haute performance en couleur sombre ont \u00e9t\u00e9 install\u00e9es, apportant une touche \u00e9l\u00e9gante et distingu\u00e9e \u00e0 l\u2019ensemble. Le projet de r\u00e9novation s\u2019est achev\u00e9 par l\u2019installation d\u2019un syst\u00e8me de climatisation par conduits et un travail minutieux de menuiserie sur mesure dans la cuisine, les armoires des chambres et divers meubles.   <\/p>\n\n<p>Le r\u00e9sultat final est un appartement chaleureux et lumineux, comprenant deux chambres, une salle de bain et un grand espace salon-salle \u00e0 manger ouvert sur la cuisine. Si vous souhaitez <strong>r\u00e9nover une propri\u00e9t\u00e9<\/strong> \u00e0 <strong>Valence,<\/strong> Cicerone met \u00e0 votre disposition toute son exp\u00e9rience en tant qu\u2019entreprise de construction pour r\u00e9aliser votre projet de r\u00e9novation int\u00e9grale. <\/p>\n\n<p><\/p>\n","protected":false},"template":"","class_list":["post-3145","proyectos","type-proyectos","status-publish","hentry"],"yoast_head":"<!-- This site is optimized with the Yoast SEO plugin v26.3 - https:\/\/yoast.com\/wordpress\/plugins\/seo\/ -->\n<title>Poblats Mar\u00edtims - Cicerone<\/title>\n<meta name=\"description\" content=\"Ce projet architectural prend comme point de d\u00e9part un appartement situ\u00e9 \u00e0 El Caba\u00f1al, \u00e0 quelques minutes de la plage de La Malvarrosa.\" \/>\n<meta name=\"robots\" content=\"index, follow, max-snippet:-1, max-image-preview:large, max-video-preview:-1\" \/>\n<link rel=\"canonical\" href=\"https:\/\/www.reformasvalencia.es\/fr\/projets\/poblats-maritims\/\" \/>\n<meta property=\"og:locale\" content=\"fr_FR\" \/>\n<meta property=\"og:type\" content=\"article\" \/>\n<meta property=\"og:title\" content=\"Poblats Mar\u00edtims - Cicerone\" \/>\n<meta property=\"og:description\" content=\"Ce projet architectural prend comme point de d\u00e9part un appartement situ\u00e9 \u00e0 El Caba\u00f1al, \u00e0 quelques minutes de la plage de La Malvarrosa.\" \/>\n<meta property=\"og:url\" content=\"https:\/\/www.reformasvalencia.es\/fr\/projets\/poblats-maritims\/\" \/>\n<meta property=\"og:site_name\" content=\"Cicerone\" \/>\n<meta property=\"article:modified_time\" content=\"2025-03-25T12:48:05+00:00\" \/>\n<meta property=\"og:image\" content=\"https:\/\/www.reformasvalencia.es\/wp-content\/uploads\/2025\/01\/cicerone.jpg\" \/>\n\t<meta property=\"og:image:width\" content=\"1200\" \/>\n\t<meta property=\"og:image:height\" content=\"765\" \/>\n\t<meta property=\"og:image:type\" content=\"image\/jpeg\" \/>\n<meta name=\"twitter:card\" content=\"summary_large_image\" \/>\n<meta name=\"twitter:label1\" content=\"Dur\u00e9e de lecture estim\u00e9e\" \/>\n\t<meta name=\"twitter:data1\" content=\"1 minute\" \/>\n<script type=\"application\/ld+json\" class=\"yoast-schema-graph\">{\"@context\":\"https:\/\/schema.org\",\"@graph\":[{\"@type\":\"WebPage\",\"@id\":\"https:\/\/www.reformasvalencia.es\/fr\/projets\/poblats-maritims\/\",\"url\":\"https:\/\/www.reformasvalencia.es\/fr\/projets\/poblats-maritims\/\",\"name\":\"Poblats Mar\u00edtims - Cicerone\",\"isPartOf\":{\"@id\":\"https:\/\/www.reformasvalencia.es\/fr\/#website\"},\"datePublished\":\"2025-02-07T06:45:59+00:00\",\"dateModified\":\"2025-03-25T12:48:05+00:00\",\"description\":\"Ce projet architectural prend comme point de d\u00e9part un appartement situ\u00e9 \u00e0 El Caba\u00f1al, \u00e0 quelques minutes de la plage de La Malvarrosa.\",\"breadcrumb\":{\"@id\":\"https:\/\/www.reformasvalencia.es\/fr\/projets\/poblats-maritims\/#breadcrumb\"},\"inLanguage\":\"fr-FR\",\"potentialAction\":[{\"@type\":\"ReadAction\",\"target\":[\"https:\/\/www.reformasvalencia.es\/fr\/projets\/poblats-maritims\/\"]}]},{\"@type\":\"BreadcrumbList\",\"@id\":\"https:\/\/www.reformasvalencia.es\/fr\/projets\/poblats-maritims\/#breadcrumb\",\"itemListElement\":[{\"@type\":\"ListItem\",\"position\":1,\"name\":\"Portada\",\"item\":\"https:\/\/www.reformasvalencia.es\/fr\/\"},{\"@type\":\"ListItem\",\"position\":2,\"name\":\"Proyectos\",\"item\":\"https:\/\/www.reformasvalencia.es\/fr\/projets\/\"},{\"@type\":\"ListItem\",\"position\":3,\"name\":\"Poblats Mar\u00edtims\"}]},{\"@type\":\"WebSite\",\"@id\":\"https:\/\/www.reformasvalencia.es\/fr\/#website\",\"url\":\"https:\/\/www.reformasvalencia.es\/fr\/\",\"name\":\"Cicerone\",\"description\":\"\",\"publisher\":{\"@id\":\"https:\/\/www.reformasvalencia.es\/fr\/#organization\"},\"potentialAction\":[{\"@type\":\"SearchAction\",\"target\":{\"@type\":\"EntryPoint\",\"urlTemplate\":\"https:\/\/www.reformasvalencia.es\/fr\/?s={search_term_string}\"},\"query-input\":{\"@type\":\"PropertyValueSpecification\",\"valueRequired\":true,\"valueName\":\"search_term_string\"}}],\"inLanguage\":\"fr-FR\"},{\"@type\":\"Organization\",\"@id\":\"https:\/\/www.reformasvalencia.es\/fr\/#organization\",\"name\":\"Cicerone\",\"url\":\"https:\/\/www.reformasvalencia.es\/fr\/\",\"logo\":{\"@type\":\"ImageObject\",\"inLanguage\":\"fr-FR\",\"@id\":\"https:\/\/www.reformasvalencia.es\/fr\/#\/schema\/logo\/image\/\",\"url\":\"https:\/\/www.reformasvalencia.es\/wp-content\/uploads\/2025\/01\/cicerone-1.jpg\",\"contentUrl\":\"https:\/\/www.reformasvalencia.es\/wp-content\/uploads\/2025\/01\/cicerone-1.jpg\",\"width\":1200,\"height\":1200,\"caption\":\"Cicerone\"},\"image\":{\"@id\":\"https:\/\/www.reformasvalencia.es\/fr\/#\/schema\/logo\/image\/\"},\"sameAs\":[\"https:\/\/www.instagram.com\/reformas_ciceronegroup\/\"]}]}<\/script>\n<!-- \/ Yoast SEO plugin. -->","yoast_head_json":{"title":"Poblats Mar\u00edtims - Cicerone","description":"Ce projet architectural prend comme point de d\u00e9part un appartement situ\u00e9 \u00e0 El Caba\u00f1al, \u00e0 quelques minutes de la plage de La Malvarrosa.","robots":{"index":"index","follow":"follow","max-snippet":"max-snippet:-1","max-image-preview":"max-image-preview:large","max-video-preview":"max-video-preview:-1"},"canonical":"https:\/\/www.reformasvalencia.es\/fr\/projets\/poblats-maritims\/","og_locale":"fr_FR","og_type":"article","og_title":"Poblats Mar\u00edtims - Cicerone","og_description":"Ce projet architectural prend comme point de d\u00e9part un appartement situ\u00e9 \u00e0 El Caba\u00f1al, \u00e0 quelques minutes de la plage de La Malvarrosa.","og_url":"https:\/\/www.reformasvalencia.es\/fr\/projets\/poblats-maritims\/","og_site_name":"Cicerone","article_modified_time":"2025-03-25T12:48:05+00:00","og_image":[{"width":1200,"height":765,"url":"https:\/\/www.reformasvalencia.es\/wp-content\/uploads\/2025\/01\/cicerone.jpg","type":"image\/jpeg"}],"twitter_card":"summary_large_image","twitter_misc":{"Dur\u00e9e de lecture estim\u00e9e":"1 minute"},"schema":{"@context":"https:\/\/schema.org","@graph":[{"@type":"WebPage","@id":"https:\/\/www.reformasvalencia.es\/fr\/projets\/poblats-maritims\/","url":"https:\/\/www.reformasvalencia.es\/fr\/projets\/poblats-maritims\/","name":"Poblats Mar\u00edtims - Cicerone","isPartOf":{"@id":"https:\/\/www.reformasvalencia.es\/fr\/#website"},"datePublished":"2025-02-07T06:45:59+00:00","dateModified":"2025-03-25T12:48:05+00:00","description":"Ce projet architectural prend comme point de d\u00e9part un appartement situ\u00e9 \u00e0 El Caba\u00f1al, \u00e0 quelques minutes de la plage de La Malvarrosa.","breadcrumb":{"@id":"https:\/\/www.reformasvalencia.es\/fr\/projets\/poblats-maritims\/#breadcrumb"},"inLanguage":"fr-FR","potentialAction":[{"@type":"ReadAction","target":["https:\/\/www.reformasvalencia.es\/fr\/projets\/poblats-maritims\/"]}]},{"@type":"BreadcrumbList","@id":"https:\/\/www.reformasvalencia.es\/fr\/projets\/poblats-maritims\/#breadcrumb","itemListElement":[{"@type":"ListItem","position":1,"name":"Portada","item":"https:\/\/www.reformasvalencia.es\/fr\/"},{"@type":"ListItem","position":2,"name":"Proyectos","item":"https:\/\/www.reformasvalencia.es\/fr\/projets\/"},{"@type":"ListItem","position":3,"name":"Poblats Mar\u00edtims"}]},{"@type":"WebSite","@id":"https:\/\/www.reformasvalencia.es\/fr\/#website","url":"https:\/\/www.reformasvalencia.es\/fr\/","name":"Cicerone","description":"","publisher":{"@id":"https:\/\/www.reformasvalencia.es\/fr\/#organization"},"potentialAction":[{"@type":"SearchAction","target":{"@type":"EntryPoint","urlTemplate":"https:\/\/www.reformasvalencia.es\/fr\/?s={search_term_string}"},"query-input":{"@type":"PropertyValueSpecification","valueRequired":true,"valueName":"search_term_string"}}],"inLanguage":"fr-FR"},{"@type":"Organization","@id":"https:\/\/www.reformasvalencia.es\/fr\/#organization","name":"Cicerone","url":"https:\/\/www.reformasvalencia.es\/fr\/","logo":{"@type":"ImageObject","inLanguage":"fr-FR","@id":"https:\/\/www.reformasvalencia.es\/fr\/#\/schema\/logo\/image\/","url":"https:\/\/www.reformasvalencia.es\/wp-content\/uploads\/2025\/01\/cicerone-1.jpg","contentUrl":"https:\/\/www.reformasvalencia.es\/wp-content\/uploads\/2025\/01\/cicerone-1.jpg","width":1200,"height":1200,"caption":"Cicerone"},"image":{"@id":"https:\/\/www.reformasvalencia.es\/fr\/#\/schema\/logo\/image\/"},"sameAs":["https:\/\/www.instagram.com\/reformas_ciceronegroup\/"]}]}},"_links":{"self":[{"href":"https:\/\/www.reformasvalencia.es\/fr\/wp-json\/wp\/v2\/proyectos\/3145","targetHints":{"allow":["GET"]}}],"collection":[{"href":"https:\/\/www.reformasvalencia.es\/fr\/wp-json\/wp\/v2\/proyectos"}],"about":[{"href":"https:\/\/www.reformasvalencia.es\/fr\/wp-json\/wp\/v2\/types\/proyectos"}],"wp:attachment":[{"href":"https:\/\/www.reformasvalencia.es\/fr\/wp-json\/wp\/v2\/media?parent=3145"}],"curies":[{"name":"wp","href":"https:\/\/api.w.org\/{rel}","templated":true}]}}