{"id":1392,"date":"2025-02-07T09:35:44","date_gmt":"2025-02-07T08:35:44","guid":{"rendered":"https:\/\/www.reformasvalencia.es\/proyectos\/antiguo-reino\/"},"modified":"2025-07-29T13:44:47","modified_gmt":"2025-07-29T11:44:47","slug":"antiguo-reino","status":"publish","type":"proyectos","link":"https:\/\/www.reformasvalencia.es\/fr\/projets\/antiguo-reino\/","title":{"rendered":"Antiguo Reino"},"content":{"rendered":"&#13;\n<p>Le bien se trouvait dans son \u00e9tat d&rsquo;origine et n\u00e9cessitait une <strong>r\u00e9novation compl\u00e8te<\/strong> afin de l\u2019adapter aux besoins des propri\u00e9taires. Les objectifs du projet \u00e9taient de cr\u00e9er des espaces ouverts, de pr\u00e9server le caract\u00e8re du b\u00e2timent et de simplifier la distribution pour plus de fonctionnalit\u00e9. <\/p>&#13;\n<p>Comme tout bon immeuble moderniste de l\u2019<strong>Eixample<\/strong> valencien, le sol en mosa\u00efque Nolla joue un r\u00f4le central dans cette r\u00e9novation. Soigneusement restaur\u00e9, il s&rsquo;\u00e9tend sur la majeure partie du logement et apporte une grande valeur esth\u00e9tique. Dans les zones o\u00f9 il a fallu reproduire le motif d&rsquo;origine ou l\u00e0 o\u00f9 se trouvaient les anciens cloisons, du microciment a \u00e9t\u00e9 utilis\u00e9 pour assurer une transition fluide entre les motifs et apporter une touche contemporaine.  <\/p>&#13;\n<p>Autre \u00e9l\u00e9ment remarquable : les hauts plafonds avec moulures d&rsquo;origine, pr\u00e9serv\u00e9s dans tout l&rsquo;appartement. Pour les mettre en valeur, ils ont \u00e9t\u00e9 peints en blanc pur, en contraste avec le blanc cass\u00e9 des murs et des plafonds, cr\u00e9ant un effet visuel \u00e9l\u00e9gant. <\/p>&#13;\n<p>La <strong>menuiserie <\/strong>en bois a \u00e9galement \u00e9t\u00e9 essentielle pour moderniser l\u2019ensemble. Dans la cuisine, on a opt\u00e9 pour des portes planes avec poign\u00e9es invisibles, en jouant avec des tons diff\u00e9rents pour l\u2019\u00eelot et le reste du mobilier. Pour les portes int\u00e9rieures et les armoires, le choix s\u2019est port\u00e9 sur un design \u00e9pur\u00e9 : portes lisses, poign\u00e9es int\u00e9gr\u00e9es pour les armoires et poign\u00e9es en acier inoxydable pour les portes. Un syst\u00e8me de climatisation gainable, des menuiseries m\u00e9talliques haute performance et un carrelage grand format dans les salles de bains et certaines zones de l\u2019appartement viennent parfaire cette r\u00e9novation unique.   <\/p>&#13;\n<p>Le r\u00e9sultat est un logement \u00e9l\u00e9gant et sophistiqu\u00e9, avec trois chambres, deux salles de bains en suite et un grand espace salon-salle \u00e0 manger avec cuisine int\u00e9gr\u00e9e. Si vous envisagez de r\u00e9nover un bien \u00e0 Valence, Cicerone met \u00e0 votre disposition toute son expertise en mati\u00e8re de r\u00e9novation int\u00e9grale. <\/p>&#13;\n","protected":false},"template":"","class_list":["post-1392","proyectos","type-proyectos","status-publish","hentry"],"yoast_head":"<!-- This site is optimized with the Yoast SEO plugin v26.3 - https:\/\/yoast.com\/wordpress\/plugins\/seo\/ -->\n<title>Cicerone | Proyecto Antiguo Reino<\/title>\n<meta name=\"description\" content=\"R\u00e9novation compl\u00e8te d&#039;une r\u00e9sidence avec de hauts plafonds et des sols en mosa\u00efque Nolla, situ\u00e9e dans le prestigieux district de L\u2019Eixample.\" \/>\n<meta name=\"robots\" content=\"index, follow, max-snippet:-1, max-image-preview:large, max-video-preview:-1\" \/>\n<link rel=\"canonical\" href=\"https:\/\/www.reformasvalencia.es\/fr\/projets\/antiguo-reino\/\" \/>\n<meta property=\"og:locale\" content=\"fr_FR\" \/>\n<meta property=\"og:type\" content=\"article\" \/>\n<meta property=\"og:title\" content=\"Cicerone | Proyecto Antiguo Reino\" \/>\n<meta property=\"og:description\" content=\"R\u00e9novation compl\u00e8te d&#039;une r\u00e9sidence avec de hauts plafonds et des sols en mosa\u00efque Nolla, situ\u00e9e dans le prestigieux district de L\u2019Eixample.\" \/>\n<meta property=\"og:url\" content=\"https:\/\/www.reformasvalencia.es\/fr\/projets\/antiguo-reino\/\" \/>\n<meta property=\"og:site_name\" content=\"Cicerone\" \/>\n<meta property=\"article:modified_time\" content=\"2025-07-29T11:44:47+00:00\" \/>\n<meta property=\"og:image\" content=\"https:\/\/www.reformasvalencia.es\/wp-content\/uploads\/2024\/11\/cicerone-proyecto-antiguo-reino-postseo.jpg\" \/>\n\t<meta property=\"og:image:width\" content=\"1200\" \/>\n\t<meta property=\"og:image:height\" content=\"630\" \/>\n\t<meta property=\"og:image:type\" content=\"image\/jpeg\" \/>\n<meta name=\"twitter:card\" content=\"summary_large_image\" \/>\n<meta name=\"twitter:title\" content=\"Cicerone | Proyecto Antiguo Reino\" \/>\n<meta name=\"twitter:description\" content=\"R\u00e9novation compl\u00e8te d&#039;une r\u00e9sidence avec de hauts plafonds et des sols en mosa\u00efque Nolla, situ\u00e9e dans le prestigieux district de L\u2019Eixample.\" \/>\n<meta name=\"twitter:image\" content=\"https:\/\/www.reformasvalencia.es\/wp-content\/uploads\/2024\/11\/cicerone-proyecto-antiguo-reino-postseo.jpg\" \/>\n<meta name=\"twitter:label1\" content=\"Dur\u00e9e de lecture estim\u00e9e\" \/>\n\t<meta name=\"twitter:data1\" content=\"2 minutes\" \/>\n<script type=\"application\/ld+json\" class=\"yoast-schema-graph\">{\"@context\":\"https:\/\/schema.org\",\"@graph\":[{\"@type\":\"WebPage\",\"@id\":\"https:\/\/www.reformasvalencia.es\/fr\/projets\/antiguo-reino\/\",\"url\":\"https:\/\/www.reformasvalencia.es\/fr\/projets\/antiguo-reino\/\",\"name\":\"Cicerone | Proyecto Antiguo Reino\",\"isPartOf\":{\"@id\":\"https:\/\/www.reformasvalencia.es\/fr\/#website\"},\"datePublished\":\"2025-02-07T08:35:44+00:00\",\"dateModified\":\"2025-07-29T11:44:47+00:00\",\"description\":\"R\u00e9novation compl\u00e8te d'une r\u00e9sidence avec de hauts plafonds et des sols en mosa\u00efque Nolla, situ\u00e9e dans le prestigieux district de L\u2019Eixample.\",\"breadcrumb\":{\"@id\":\"https:\/\/www.reformasvalencia.es\/fr\/projets\/antiguo-reino\/#breadcrumb\"},\"inLanguage\":\"fr-FR\",\"potentialAction\":[{\"@type\":\"ReadAction\",\"target\":[\"https:\/\/www.reformasvalencia.es\/fr\/projets\/antiguo-reino\/\"]}]},{\"@type\":\"BreadcrumbList\",\"@id\":\"https:\/\/www.reformasvalencia.es\/fr\/projets\/antiguo-reino\/#breadcrumb\",\"itemListElement\":[{\"@type\":\"ListItem\",\"position\":1,\"name\":\"Portada\",\"item\":\"https:\/\/www.reformasvalencia.es\/fr\/\"},{\"@type\":\"ListItem\",\"position\":2,\"name\":\"Proyectos\",\"item\":\"https:\/\/www.reformasvalencia.es\/fr\/projets\/\"},{\"@type\":\"ListItem\",\"position\":3,\"name\":\"Antiguo Reino\"}]},{\"@type\":\"WebSite\",\"@id\":\"https:\/\/www.reformasvalencia.es\/fr\/#website\",\"url\":\"https:\/\/www.reformasvalencia.es\/fr\/\",\"name\":\"Cicerone\",\"description\":\"\",\"publisher\":{\"@id\":\"https:\/\/www.reformasvalencia.es\/fr\/#organization\"},\"potentialAction\":[{\"@type\":\"SearchAction\",\"target\":{\"@type\":\"EntryPoint\",\"urlTemplate\":\"https:\/\/www.reformasvalencia.es\/fr\/?s={search_term_string}\"},\"query-input\":{\"@type\":\"PropertyValueSpecification\",\"valueRequired\":true,\"valueName\":\"search_term_string\"}}],\"inLanguage\":\"fr-FR\"},{\"@type\":\"Organization\",\"@id\":\"https:\/\/www.reformasvalencia.es\/fr\/#organization\",\"name\":\"Cicerone\",\"url\":\"https:\/\/www.reformasvalencia.es\/fr\/\",\"logo\":{\"@type\":\"ImageObject\",\"inLanguage\":\"fr-FR\",\"@id\":\"https:\/\/www.reformasvalencia.es\/fr\/#\/schema\/logo\/image\/\",\"url\":\"https:\/\/www.reformasvalencia.es\/wp-content\/uploads\/2025\/01\/cicerone-1.jpg\",\"contentUrl\":\"https:\/\/www.reformasvalencia.es\/wp-content\/uploads\/2025\/01\/cicerone-1.jpg\",\"width\":1200,\"height\":1200,\"caption\":\"Cicerone\"},\"image\":{\"@id\":\"https:\/\/www.reformasvalencia.es\/fr\/#\/schema\/logo\/image\/\"},\"sameAs\":[\"https:\/\/www.instagram.com\/reformas_ciceronegroup\/\"]}]}<\/script>\n<!-- \/ Yoast SEO plugin. -->","yoast_head_json":{"title":"Cicerone | Proyecto Antiguo Reino","description":"R\u00e9novation compl\u00e8te d'une r\u00e9sidence avec de hauts plafonds et des sols en mosa\u00efque Nolla, situ\u00e9e dans le prestigieux district de L\u2019Eixample.","robots":{"index":"index","follow":"follow","max-snippet":"max-snippet:-1","max-image-preview":"max-image-preview:large","max-video-preview":"max-video-preview:-1"},"canonical":"https:\/\/www.reformasvalencia.es\/fr\/projets\/antiguo-reino\/","og_locale":"fr_FR","og_type":"article","og_title":"Cicerone | Proyecto Antiguo Reino","og_description":"R\u00e9novation compl\u00e8te d'une r\u00e9sidence avec de hauts plafonds et des sols en mosa\u00efque Nolla, situ\u00e9e dans le prestigieux district de L\u2019Eixample.","og_url":"https:\/\/www.reformasvalencia.es\/fr\/projets\/antiguo-reino\/","og_site_name":"Cicerone","article_modified_time":"2025-07-29T11:44:47+00:00","og_image":[{"width":1200,"height":630,"url":"https:\/\/www.reformasvalencia.es\/wp-content\/uploads\/2024\/11\/cicerone-proyecto-antiguo-reino-postseo.jpg","type":"image\/jpeg"}],"twitter_card":"summary_large_image","twitter_title":"Cicerone | Proyecto Antiguo Reino","twitter_description":"R\u00e9novation compl\u00e8te d'une r\u00e9sidence avec de hauts plafonds et des sols en mosa\u00efque Nolla, situ\u00e9e dans le prestigieux district de L\u2019Eixample.","twitter_image":"https:\/\/www.reformasvalencia.es\/wp-content\/uploads\/2024\/11\/cicerone-proyecto-antiguo-reino-postseo.jpg","twitter_misc":{"Dur\u00e9e de lecture estim\u00e9e":"2 minutes"},"schema":{"@context":"https:\/\/schema.org","@graph":[{"@type":"WebPage","@id":"https:\/\/www.reformasvalencia.es\/fr\/projets\/antiguo-reino\/","url":"https:\/\/www.reformasvalencia.es\/fr\/projets\/antiguo-reino\/","name":"Cicerone | Proyecto Antiguo Reino","isPartOf":{"@id":"https:\/\/www.reformasvalencia.es\/fr\/#website"},"datePublished":"2025-02-07T08:35:44+00:00","dateModified":"2025-07-29T11:44:47+00:00","description":"R\u00e9novation compl\u00e8te d'une r\u00e9sidence avec de hauts plafonds et des sols en mosa\u00efque Nolla, situ\u00e9e dans le prestigieux district de L\u2019Eixample.","breadcrumb":{"@id":"https:\/\/www.reformasvalencia.es\/fr\/projets\/antiguo-reino\/#breadcrumb"},"inLanguage":"fr-FR","potentialAction":[{"@type":"ReadAction","target":["https:\/\/www.reformasvalencia.es\/fr\/projets\/antiguo-reino\/"]}]},{"@type":"BreadcrumbList","@id":"https:\/\/www.reformasvalencia.es\/fr\/projets\/antiguo-reino\/#breadcrumb","itemListElement":[{"@type":"ListItem","position":1,"name":"Portada","item":"https:\/\/www.reformasvalencia.es\/fr\/"},{"@type":"ListItem","position":2,"name":"Proyectos","item":"https:\/\/www.reformasvalencia.es\/fr\/projets\/"},{"@type":"ListItem","position":3,"name":"Antiguo Reino"}]},{"@type":"WebSite","@id":"https:\/\/www.reformasvalencia.es\/fr\/#website","url":"https:\/\/www.reformasvalencia.es\/fr\/","name":"Cicerone","description":"","publisher":{"@id":"https:\/\/www.reformasvalencia.es\/fr\/#organization"},"potentialAction":[{"@type":"SearchAction","target":{"@type":"EntryPoint","urlTemplate":"https:\/\/www.reformasvalencia.es\/fr\/?s={search_term_string}"},"query-input":{"@type":"PropertyValueSpecification","valueRequired":true,"valueName":"search_term_string"}}],"inLanguage":"fr-FR"},{"@type":"Organization","@id":"https:\/\/www.reformasvalencia.es\/fr\/#organization","name":"Cicerone","url":"https:\/\/www.reformasvalencia.es\/fr\/","logo":{"@type":"ImageObject","inLanguage":"fr-FR","@id":"https:\/\/www.reformasvalencia.es\/fr\/#\/schema\/logo\/image\/","url":"https:\/\/www.reformasvalencia.es\/wp-content\/uploads\/2025\/01\/cicerone-1.jpg","contentUrl":"https:\/\/www.reformasvalencia.es\/wp-content\/uploads\/2025\/01\/cicerone-1.jpg","width":1200,"height":1200,"caption":"Cicerone"},"image":{"@id":"https:\/\/www.reformasvalencia.es\/fr\/#\/schema\/logo\/image\/"},"sameAs":["https:\/\/www.instagram.com\/reformas_ciceronegroup\/"]}]}},"_links":{"self":[{"href":"https:\/\/www.reformasvalencia.es\/fr\/wp-json\/wp\/v2\/proyectos\/1392","targetHints":{"allow":["GET"]}}],"collection":[{"href":"https:\/\/www.reformasvalencia.es\/fr\/wp-json\/wp\/v2\/proyectos"}],"about":[{"href":"https:\/\/www.reformasvalencia.es\/fr\/wp-json\/wp\/v2\/types\/proyectos"}],"wp:attachment":[{"href":"https:\/\/www.reformasvalencia.es\/fr\/wp-json\/wp\/v2\/media?parent=1392"}],"curies":[{"name":"wp","href":"https:\/\/api.w.org\/{rel}","templated":true}]}}