{"id":1547,"date":"2024-10-29T13:02:59","date_gmt":"2024-10-29T12:02:59","guid":{"rendered":"https:\/\/www.reformasvalencia.es\/politique-de-confidentialite-2\/"},"modified":"2025-08-01T13:24:57","modified_gmt":"2025-08-01T11:24:57","slug":"politique-de-confidentialite","status":"publish","type":"page","link":"https:\/\/www.reformasvalencia.es\/fr\/politique-de-confidentialite\/","title":{"rendered":"Politique de Confidentialit\u00e9"},"content":{"rendered":"\t\t<div data-elementor-type=\"wp-page\" data-elementor-id=\"1547\" class=\"elementor elementor-1547 elementor-26\" data-elementor-post-type=\"page\">\n\t\t\t\t<div class=\"elementor-element elementor-element-82e80a4 e-flex e-con-boxed e-con e-parent\" data-id=\"82e80a4\" data-element_type=\"container\">\n\t\t\t\t\t<div class=\"e-con-inner\">\n\t\t\t\t<div class=\"elementor-element elementor-element-047cad3 elementor-widget elementor-widget-heading\" data-id=\"047cad3\" data-element_type=\"widget\" data-widget_type=\"heading.default\">\n\t\t\t\t<div class=\"elementor-widget-container\">\n\t\t\t\t\t<h1 class=\"elementor-heading-title elementor-size-default\">Politique de Confidentialit\u00e9<\/h1>\t\t\t\t<\/div>\n\t\t\t\t<\/div>\n\t\t\t\t<div class=\"elementor-element elementor-element-10d4db2 elementor-widget elementor-widget-text-editor\" data-id=\"10d4db2\" data-element_type=\"widget\" data-widget_type=\"text-editor.default\">\n\t\t\t\t<div class=\"elementor-widget-container\">\n\t\t\t\t\t\t\t\t\t<ul>\n<li><strong>RESPONSABLE: <\/strong>CICERONE INGENIEROS SL &#8211; CIF B98408487<\/li>\n<li><strong>CONTACTO:<\/strong> CALLE PARE PERERA 2 &#8211; VALENCIA (Valencia)<br \/>info@ciceronegroup.com &#8211; Tel. 961 138 432 <br \/><a href=\"https:\/\/www.reformasvalencia.es\" target=\"_blank\" rel=\"noopener\">https:\/\/www.reformasvalencia.es<\/a><\/li>\n<li><strong>FINALIDADES:<\/strong> Consultas Website: Respuesta a consultas recibidas a trav\u00e9s del formulario electr\u00f3nico de la web<\/li>\n<li><strong>LEGITIMACION:<\/strong> Consultas Website: Consentimiento expl\u00edcito del interesado <\/li>\n<li><strong>CONSERVACI\u00d3N:<\/strong> Consultas Website: Durante un plazo de 1 a\u00f1o a partir de la \u00faltima confirmaci\u00f3n de inter\u00e9s<\/li>\n<li><strong>DESTINATARIOS:<\/strong> No cedemos sus datos a terceros<\/li>\n<li><strong>TRANSFERENCIAS INTERNACIONALES:<\/strong> No realizamos transferencias internacionales de sus datos<\/li>\n<li><strong>PROCEDENCIA:<\/strong> Consultas Website: Contactos web: El propio interesado o su representante legal<\/li>\n<li><strong>DERECHOS:<\/strong> Usted tiene derecho acceder a sus datos, rectificarlos, suprimirlos, limitar u oponerse a su tratamiento, a su portabilidad, a retirar su consentimiento y a presentar reclamaciones ante la Autoridad de Control (Agencia Espa\u00f1ola de Protecci\u00f3n de Datos). M\u00e1s informaci\u00f3n en nuestra &lsquo;Pol\u00edtica de Privacidad y Protecci\u00f3n de Datos&rsquo;. <\/li>\n<\/ul>\n<p><strong>DETALLES DE NUESTRA POL\u00cdTICA DE PRIVACIDAD<\/strong><\/p>\n<p><strong>1.- INFORMACI\u00d3N GENERAL<\/strong><\/p>\n<p>La presente &lsquo;Pol\u00edtica de Privacidad y Protecci\u00f3n de Datos&rsquo; tiene como finalidad dar a conocer las condiciones que rigen la recogida y tratamiento de sus datos personales por parte de nuestra entidad o grupo corporativo para velar por los derechos fundamentales, su honor y libertades, todo ello en cumplimiento de las normativas vigentes que regulan la Protecci\u00f3n de Datos personales seg\u00fan la Uni\u00f3n Europea y el Estado Miembro espa\u00f1ol.<\/p>\n<p>En conformidad con dichas normativas, necesitamos disponer de su autorizaci\u00f3n y consentimiento para la recogida y el tratamiento de sus datos personales, por lo que a continuaci\u00f3n, le indicamos todos los detalles de su inter\u00e9s respecto a c\u00f3mo realizamos estos procesos, con qu\u00e9 finalidades, que otras entidades podr\u00edan tener acceso a sus datos y cu\u00e1les son sus derechos.<\/p>\n<p>Por todo lo expuesto, una vez revisada y le\u00edda nuestra Pol\u00edtica de Protecci\u00f3n de Datos, es imprescindible que la acepte en prueba de su conformidad y consentimiento.<\/p>\n<p><strong>2.- RESPONSABLE DEL TRATAMIENTO<\/strong><\/p>\n<p><strong>\u00bfQui\u00e9n recaba y trata sus datos?<\/strong><\/p>\n<p>El Responsable del Tratamiento de Datos es aquella persona f\u00edsica o jur\u00eddica, de naturaleza p\u00fablica o privada, u \u00f3rgano administrativo, que solo o conjuntamente con otros determine los fines y medios del tratamiento de datos personales; en caso de que los fines y medios del tratamiento est\u00e9n determinados por el Derecho de la Uni\u00f3n Europea o del Estado Miembro espa\u00f1ol.<\/p>\n<p>En este caso, nuestros datos identificativos como Responsable del Tratamiento son los siguientes:<\/p>\n<p>CICERONE INGENIEROS SL &#8211; CIF B98408487<\/p>\n<p><strong>\u00bfC\u00f3mo puede contactar con nosotros?<\/strong><\/p>\n<p><strong>Domicilio de nuestras oficinas:<\/strong><br \/>CALLE PARE PERERA 2. 46006, VALENCIA (Valencia), Espa\u00f1a<br \/>Email: info@ciceronegroup.com &#8211; Tel\u00e9fono: 961 138 432 <\/p>\n<p><strong>Domicilio postal:<\/strong><br \/>CALLE PARE PERERA 2. 46006, VALENCIA (Valencia), Espa\u00f1a <\/p>\n<p><strong>3.- MEDIDAS DE SEGURIDAD<\/strong><\/p>\n<p><strong>\u00bfQu\u00e9 hacemos para garantizar la privacidad de sus datos?<\/strong><\/p>\n<p>Nuestra entidad o grupo corporativo adopta las medidas organizativas y t\u00e9cnicas necesarias para garantizar la seguridad y la privacidad de sus datos, evitar su alteraci\u00f3n, p\u00e9rdida, tratamiento o acceso no autorizado, dependiendo del estado de la tecnolog\u00eda, la naturaleza de los datos almacenado y los riesgos a que est\u00e1n expuestos.<\/p>\n<p>Entre otras, destacan las siguientes medidas:<\/p>\n<ul>\n<li>Garantizar la confidencialidad, integridad, disponibilidad y resiliencia permanentes de los sistemas y servicios de tratamiento.<\/li>\n<li>Restaurar la disponibilidad y el acceso a los datos personales de forma r\u00e1pida, en caso de incidente f\u00edsico o t\u00e9cnico.<\/li>\n<li>Verificar, evaluar y valorar, de forma regular, la eficacia de las medidas t\u00e9cnicas y organizativas implementadas para garantizar la seguridad del tratamiento.<\/li>\n<li>Seudonimizar y cifrar los datos personales, en caso de que se trate de datos sensibles.<\/li>\n<\/ul>\n<p><strong>4.- FINALIDAD DEL TRATAMIENTO<\/strong><\/p>\n<p><strong>\u00bfPara qu\u00e9 queremos tratar sus datos?<\/strong><\/p>\n<p>Necesitamos su autorizaci\u00f3n y consentimiento para recabar y tratar sus datos personales, por lo que a continuaci\u00f3n le detallamos los usos y finalidades previstas.<\/p>\n<p><strong>Consultas Website.<\/strong> Respuesta a consultas recibidas a trav\u00e9s del formulario electr\u00f3nico de la web<\/p>\n<p><strong>\u00bfDurante cu\u00e1nto tiempo conservamos sus datos?<\/strong><\/p>\n<p>Utilizamos sus datos durante el tiempo estrictamente necesario para cumplir las finalidades indicadas anteriormente. Salvo que exista una obligaci\u00f3n o requerimiento legal, los plazos de conservaci\u00f3n previstos son: <\/p>\n<p><strong>Consultas Website:<\/strong> Durante un plazo de 1 a\u00f1o a partir de la \u00faltima confirmaci\u00f3n de inter\u00e9s<\/p>\n<p><strong>5.- LEGITIMACI\u00d3N DEL TRATAMIENTO<\/strong><\/p>\n<p><strong>\u00bfPor qu\u00e9 tratamos sus datos?<\/strong><\/p>\n<p>La recogida y el tratamiento de sus datos est\u00e1 legitimado siempre por una o varias bases jur\u00eddicas, las cuales detallamos a continuaci\u00f3n:<\/p>\n<p><strong>Consultas Website:<\/strong> Consentimiento expl\u00edcito del interesado<\/p>\n<p><strong>6.- DESTINATARIOS DE SUS DATOS<\/strong><\/p>\n<p><strong>\u00bfA qui\u00e9nes cedemos sus datos dentro de la Uni\u00f3n Europea?<\/strong><\/p>\n<p>No realizamos cesiones de sus datos a terceras personas ni entidades, salvo obligaci\u00f3n legal.<\/p>\n<p><strong>\u00bfRealizamos Transferencias Internacionales de sus datos fuera de la Uni\u00f3n Europea?<\/strong><\/p>\n<p>No realizamos transferencias internacionales de sus datos<\/p>\n<p><strong>7.- PROCEDENCIA Y TIPOS DE DATOS TRATADOS<\/strong><\/p>\n<p><strong>\u00bfDe d\u00f3nde hemos obtenido sus datos?<\/strong><\/p>\n<p><strong>Consultas Website<\/strong><\/p>\n<ul>\n<li><strong>Contactos web:<\/strong> El propio interesado o su representante legal <br \/>\u00bfQu\u00e9 tipos de datos suyos hemos recabado y tratamos?<\/li>\n<\/ul>\n<p><strong>Consultas Website<\/strong><\/p>\n<ul>\n<li>Contactos web\n<ul>\n<li>Datos identificativos \n<ul>\n<li>Nombre y Apellidos <\/li>\n<li>Direcci\u00f3n electr\u00f3nica <\/li>\n<li>Tel\u00e9fono <\/li>\n<\/ul>\n<\/li>\n<\/ul>\n<\/li>\n<\/ul>\n<p><strong>8.- DERECHOS DE LOS INTERESADOS<\/strong><\/p>\n<p><strong>\u00bfCu\u00e1les son los derechos que le amparan?<\/strong><\/p>\n<p>La normativa vigente de protecci\u00f3n de datos le ampara en una serie de derechos en relaci\u00f3n al uso que le damos a sus datos. Todos y cada uno de sus derechos son unipersonales e intransferibles, es decir, que \u00fanicamente pueden ser realizados por el titular de los datos, previa comprobaci\u00f3n de su identidad. <\/p>\n<p>A continuaci\u00f3n le indicamos cuales son los derechos que le asisten:<\/p>\n<ul>\n<li>Solicitar el ACCESO a sus datos personales<\/li>\n<li>Solicitar la RECTIFICACION de sus datos<\/li>\n<li>Solicitar la SUPRESI\u00d3N o eliminaci\u00f3n de sus datos (derecho al &lsquo;olvido&rsquo;)<\/li>\n<li>LIMITAR u OPONERSE al uso que le damos a sus datos<\/li>\n<li>Derecho a la PORTABILIDAD de sus datos para casos de servicios de telecomunicaciones o internet.<\/li>\n<li>Derecho a RETIRAR su consentimiento en cualquier momento<\/li>\n<li>Derecho a presentar una RECLAMACI\u00d3N en materia de protecci\u00f3n de datos ante la Autoridad de Control: Agencia Espa\u00f1ola de Protecci\u00f3n de Datos<\/li>\n<\/ul>\n<p><strong>\u00bfC\u00f3mo puede ejercer sus derechos en relaci\u00f3n a sus datos?<\/strong><\/p>\n<p>Para el ejercicio de sus derechos de acceso, rectificaci\u00f3n, supresi\u00f3n, limitaci\u00f3n u oposici\u00f3n, portabilidad y retirada de su consentimiento, puede hacerlo de la siguiente forma:<\/p>\n<p><strong>Consultas Website<\/strong><\/p>\n<ul>\n<li><strong>Responsable:<\/strong> CICERONE INGENIEROS SL<\/li>\n<li><strong>Direcci\u00f3n:<\/strong> CALLE PARE PERERA 2. 46006, VALENCIA (Valencia), Espa\u00f1a <\/li>\n<li><strong>Tel\u00e9fono:<\/strong> 961 138 432<\/li>\n<li><strong>E-mail:<\/strong> info@ciceronegroup.com<\/li>\n<li><strong>P\u00e1gina web:<\/strong> <a href=\"https:\/\/www.reformasvalencia.es\" target=\"_blank\" rel=\"noopener\">https:\/\/www.reformasvalencia.es<\/a><\/li>\n<\/ul>\n<p><strong>\u00bfC\u00f3mo puede presentar una reclamaci\u00f3n?<\/strong><\/p>\n<p>Adem\u00e1s de los derechos que le asisten, si cree que sus datos no se est\u00e1n recabando o tratando conforme a la normativa vigente de Protecci\u00f3n de Datos, usted podr\u00e1 realizar una reclamaci\u00f3n ante la Autoridad de Control, cuyos datos de contacto indicamos a continuaci\u00f3n:<\/p>\n<p><strong>Agencia Espa\u00f1ola de Protecci\u00f3n de Datos<\/strong><br \/>C\/. Jorge Juan, 6. 28001, Madrid (Madrid), Espa\u00f1a<br \/>Email: info@agpd.es &#8211; Tel\u00e9fono: 912663517<br \/>Web: https:\/\/www.agpd.es  <\/p>\n<p><strong>9.- CONSENTIMIENTO Y ACEPTACI\u00d3N<\/strong><\/p>\n<p>La aceptaci\u00f3n del presente documento indica que usted entiende, acepta todas las cl\u00e1usulas de nuestra pol\u00edtica de privacidad por lo que autoriza la recogida y el tratamiento de sus datos personales en estos t\u00e9rminos. Esta aceptaci\u00f3n se realiza mediante la activaci\u00f3n de la casilla de verificaci\u00f3n de &lsquo;Lectura y Aceptaci\u00f3n&rsquo; de nuestra Pol\u00edtica de Privacidad. <\/p><\/p>\n\t\t\t\t\t\t\t\t<\/div>\n\t\t\t\t<\/div>\n\t\t\t\t\t<\/div>\n\t\t\t\t<\/div>\n\t\t\t\t<\/div>\n\t\t","protected":false},"excerpt":{"rendered":"<p>RESPONSABLE: CICERONE INGENIEROS SL &#8211; CIF B98408487 CONTACTO: CALLE PARE PERERA 2 &#8211; VALENCIA (Valencia)info@ciceronegroup.com &#8211; Tel. 961 138 432 https:\/\/www.reformasvalencia.es FINALIDADES: Consultas Website: Respuesta a consultas recibidas a trav\u00e9s del formulario electr\u00f3nico de la web LEGITIMACION: Consultas Website: Consentimiento expl\u00edcito del interesado CONSERVACI\u00d3N: Consultas Website: Durante un plazo de 1 a\u00f1o a partir de [&hellip;]<\/p>\n","protected":false},"author":1,"featured_media":0,"parent":0,"menu_order":99,"comment_status":"closed","ping_status":"closed","template":"","meta":{"footnotes":""},"class_list":["post-1547","page","type-page","status-publish","hentry"],"yoast_head":"<!-- This site is optimized with the Yoast SEO plugin v26.3 - https:\/\/yoast.com\/wordpress\/plugins\/seo\/ -->\n<title>Politique de Confidentialit\u00e9 - Cicerone<\/title>\n<meta name=\"robots\" content=\"noindex, follow\" \/>\n<meta property=\"og:locale\" content=\"fr_FR\" \/>\n<meta property=\"og:type\" content=\"article\" \/>\n<meta property=\"og:title\" content=\"Politique de Confidentialit\u00e9 - Cicerone\" \/>\n<meta property=\"og:description\" content=\"RESPONSABLE: CICERONE INGENIEROS SL &#8211; CIF B98408487 CONTACTO: CALLE PARE PERERA 2 &#8211; VALENCIA (Valencia)info@ciceronegroup.com &#8211; Tel. 961 138 432 https:\/\/www.reformasvalencia.es FINALIDADES: Consultas Website: Respuesta a consultas recibidas a trav\u00e9s del formulario electr\u00f3nico de la web LEGITIMACION: Consultas Website: Consentimiento expl\u00edcito del interesado CONSERVACI\u00d3N: Consultas Website: Durante un plazo de 1 a\u00f1o a partir de [&hellip;]\" \/>\n<meta property=\"og:url\" content=\"https:\/\/www.reformasvalencia.es\/fr\/politique-de-confidentialite\/\" \/>\n<meta property=\"og:site_name\" content=\"Cicerone\" \/>\n<meta property=\"article:modified_time\" content=\"2025-08-01T11:24:57+00:00\" \/>\n<meta property=\"og:image\" content=\"https:\/\/www.reformasvalencia.es\/wp-content\/uploads\/2025\/01\/cicerone.jpg\" \/>\n\t<meta property=\"og:image:width\" content=\"1200\" \/>\n\t<meta property=\"og:image:height\" content=\"765\" \/>\n\t<meta property=\"og:image:type\" content=\"image\/jpeg\" \/>\n<meta name=\"twitter:card\" content=\"summary_large_image\" \/>\n<meta name=\"twitter:label1\" content=\"Dur\u00e9e de lecture estim\u00e9e\" \/>\n\t<meta name=\"twitter:data1\" content=\"6 minutes\" \/>\n<script type=\"application\/ld+json\" class=\"yoast-schema-graph\">{\"@context\":\"https:\/\/schema.org\",\"@graph\":[{\"@type\":\"WebPage\",\"@id\":\"https:\/\/www.reformasvalencia.es\/fr\/politique-de-confidentialite\/\",\"url\":\"https:\/\/www.reformasvalencia.es\/fr\/politique-de-confidentialite\/\",\"name\":\"Politique de Confidentialit\u00e9 - Cicerone\",\"isPartOf\":{\"@id\":\"https:\/\/www.reformasvalencia.es\/fr\/#website\"},\"datePublished\":\"2024-10-29T12:02:59+00:00\",\"dateModified\":\"2025-08-01T11:24:57+00:00\",\"breadcrumb\":{\"@id\":\"https:\/\/www.reformasvalencia.es\/fr\/politique-de-confidentialite\/#breadcrumb\"},\"inLanguage\":\"fr-FR\",\"potentialAction\":[{\"@type\":\"ReadAction\",\"target\":[\"https:\/\/www.reformasvalencia.es\/fr\/politique-de-confidentialite\/\"]}]},{\"@type\":\"BreadcrumbList\",\"@id\":\"https:\/\/www.reformasvalencia.es\/fr\/politique-de-confidentialite\/#breadcrumb\",\"itemListElement\":[{\"@type\":\"ListItem\",\"position\":1,\"name\":\"Portada\",\"item\":\"https:\/\/www.reformasvalencia.es\/fr\/\"},{\"@type\":\"ListItem\",\"position\":2,\"name\":\"Politique de Confidentialit\u00e9\"}]},{\"@type\":\"WebSite\",\"@id\":\"https:\/\/www.reformasvalencia.es\/fr\/#website\",\"url\":\"https:\/\/www.reformasvalencia.es\/fr\/\",\"name\":\"Cicerone\",\"description\":\"\",\"publisher\":{\"@id\":\"https:\/\/www.reformasvalencia.es\/fr\/#organization\"},\"potentialAction\":[{\"@type\":\"SearchAction\",\"target\":{\"@type\":\"EntryPoint\",\"urlTemplate\":\"https:\/\/www.reformasvalencia.es\/fr\/?s={search_term_string}\"},\"query-input\":{\"@type\":\"PropertyValueSpecification\",\"valueRequired\":true,\"valueName\":\"search_term_string\"}}],\"inLanguage\":\"fr-FR\"},{\"@type\":\"Organization\",\"@id\":\"https:\/\/www.reformasvalencia.es\/fr\/#organization\",\"name\":\"Cicerone\",\"url\":\"https:\/\/www.reformasvalencia.es\/fr\/\",\"logo\":{\"@type\":\"ImageObject\",\"inLanguage\":\"fr-FR\",\"@id\":\"https:\/\/www.reformasvalencia.es\/fr\/#\/schema\/logo\/image\/\",\"url\":\"https:\/\/www.reformasvalencia.es\/wp-content\/uploads\/2025\/01\/cicerone-1.jpg\",\"contentUrl\":\"https:\/\/www.reformasvalencia.es\/wp-content\/uploads\/2025\/01\/cicerone-1.jpg\",\"width\":1200,\"height\":1200,\"caption\":\"Cicerone\"},\"image\":{\"@id\":\"https:\/\/www.reformasvalencia.es\/fr\/#\/schema\/logo\/image\/\"},\"sameAs\":[\"https:\/\/www.instagram.com\/reformas_ciceronegroup\/\"]}]}<\/script>\n<!-- \/ Yoast SEO plugin. -->","yoast_head_json":{"title":"Politique de Confidentialit\u00e9 - Cicerone","robots":{"index":"noindex","follow":"follow"},"og_locale":"fr_FR","og_type":"article","og_title":"Politique de Confidentialit\u00e9 - Cicerone","og_description":"RESPONSABLE: CICERONE INGENIEROS SL &#8211; CIF B98408487 CONTACTO: CALLE PARE PERERA 2 &#8211; VALENCIA (Valencia)info@ciceronegroup.com &#8211; Tel. 961 138 432 https:\/\/www.reformasvalencia.es FINALIDADES: Consultas Website: Respuesta a consultas recibidas a trav\u00e9s del formulario electr\u00f3nico de la web LEGITIMACION: Consultas Website: Consentimiento expl\u00edcito del interesado CONSERVACI\u00d3N: Consultas Website: Durante un plazo de 1 a\u00f1o a partir de [&hellip;]","og_url":"https:\/\/www.reformasvalencia.es\/fr\/politique-de-confidentialite\/","og_site_name":"Cicerone","article_modified_time":"2025-08-01T11:24:57+00:00","og_image":[{"width":1200,"height":765,"url":"https:\/\/www.reformasvalencia.es\/wp-content\/uploads\/2025\/01\/cicerone.jpg","type":"image\/jpeg"}],"twitter_card":"summary_large_image","twitter_misc":{"Dur\u00e9e de lecture estim\u00e9e":"6 minutes"},"schema":{"@context":"https:\/\/schema.org","@graph":[{"@type":"WebPage","@id":"https:\/\/www.reformasvalencia.es\/fr\/politique-de-confidentialite\/","url":"https:\/\/www.reformasvalencia.es\/fr\/politique-de-confidentialite\/","name":"Politique de Confidentialit\u00e9 - Cicerone","isPartOf":{"@id":"https:\/\/www.reformasvalencia.es\/fr\/#website"},"datePublished":"2024-10-29T12:02:59+00:00","dateModified":"2025-08-01T11:24:57+00:00","breadcrumb":{"@id":"https:\/\/www.reformasvalencia.es\/fr\/politique-de-confidentialite\/#breadcrumb"},"inLanguage":"fr-FR","potentialAction":[{"@type":"ReadAction","target":["https:\/\/www.reformasvalencia.es\/fr\/politique-de-confidentialite\/"]}]},{"@type":"BreadcrumbList","@id":"https:\/\/www.reformasvalencia.es\/fr\/politique-de-confidentialite\/#breadcrumb","itemListElement":[{"@type":"ListItem","position":1,"name":"Portada","item":"https:\/\/www.reformasvalencia.es\/fr\/"},{"@type":"ListItem","position":2,"name":"Politique de Confidentialit\u00e9"}]},{"@type":"WebSite","@id":"https:\/\/www.reformasvalencia.es\/fr\/#website","url":"https:\/\/www.reformasvalencia.es\/fr\/","name":"Cicerone","description":"","publisher":{"@id":"https:\/\/www.reformasvalencia.es\/fr\/#organization"},"potentialAction":[{"@type":"SearchAction","target":{"@type":"EntryPoint","urlTemplate":"https:\/\/www.reformasvalencia.es\/fr\/?s={search_term_string}"},"query-input":{"@type":"PropertyValueSpecification","valueRequired":true,"valueName":"search_term_string"}}],"inLanguage":"fr-FR"},{"@type":"Organization","@id":"https:\/\/www.reformasvalencia.es\/fr\/#organization","name":"Cicerone","url":"https:\/\/www.reformasvalencia.es\/fr\/","logo":{"@type":"ImageObject","inLanguage":"fr-FR","@id":"https:\/\/www.reformasvalencia.es\/fr\/#\/schema\/logo\/image\/","url":"https:\/\/www.reformasvalencia.es\/wp-content\/uploads\/2025\/01\/cicerone-1.jpg","contentUrl":"https:\/\/www.reformasvalencia.es\/wp-content\/uploads\/2025\/01\/cicerone-1.jpg","width":1200,"height":1200,"caption":"Cicerone"},"image":{"@id":"https:\/\/www.reformasvalencia.es\/fr\/#\/schema\/logo\/image\/"},"sameAs":["https:\/\/www.instagram.com\/reformas_ciceronegroup\/"]}]}},"_links":{"self":[{"href":"https:\/\/www.reformasvalencia.es\/fr\/wp-json\/wp\/v2\/pages\/1547","targetHints":{"allow":["GET"]}}],"collection":[{"href":"https:\/\/www.reformasvalencia.es\/fr\/wp-json\/wp\/v2\/pages"}],"about":[{"href":"https:\/\/www.reformasvalencia.es\/fr\/wp-json\/wp\/v2\/types\/page"}],"author":[{"embeddable":true,"href":"https:\/\/www.reformasvalencia.es\/fr\/wp-json\/wp\/v2\/users\/1"}],"replies":[{"embeddable":true,"href":"https:\/\/www.reformasvalencia.es\/fr\/wp-json\/wp\/v2\/comments?post=1547"}],"version-history":[{"count":7,"href":"https:\/\/www.reformasvalencia.es\/fr\/wp-json\/wp\/v2\/pages\/1547\/revisions"}],"predecessor-version":[{"id":7040,"href":"https:\/\/www.reformasvalencia.es\/fr\/wp-json\/wp\/v2\/pages\/1547\/revisions\/7040"}],"wp:attachment":[{"href":"https:\/\/www.reformasvalencia.es\/fr\/wp-json\/wp\/v2\/media?parent=1547"}],"curies":[{"name":"wp","href":"https:\/\/api.w.org\/{rel}","templated":true}]}}